{"id":8,"date":"2020-10-13T22:22:13","date_gmt":"2020-10-13T22:22:13","guid":{"rendered":"https:\/\/santiagortega.com\/?page_id=8"},"modified":"2025-06-22T19:13:15","modified_gmt":"2025-06-22T19:13:15","slug":"inicio","status":"publish","type":"page","link":"https:\/\/santiagortega.com\/","title":{"rendered":"Inicio"},"content":{"rendered":"\t\t<div data-elementor-type=\"wp-page\" data-elementor-id=\"8\" class=\"elementor elementor-8\" data-elementor-post-type=\"page\">\n\t\t\t\t\t\t<section class=\"elementor-section elementor-top-section elementor-element elementor-element-6438b91 elementor-section-height-full elementor-section-boxed elementor-section-height-default elementor-section-items-middle\" data-id=\"6438b91\" data-element_type=\"section\" data-settings=\"{&quot;background_background&quot;:&quot;classic&quot;,&quot;background_motion_fx_opacity_level&quot;:{&quot;unit&quot;:&quot;px&quot;,&quot;size&quot;:2.70000000000000017763568394002504646778106689453125,&quot;sizes&quot;:[]},&quot;background_motion_fx_opacity_effect&quot;:&quot;yes&quot;,&quot;background_motion_fx_motion_fx_scrolling&quot;:&quot;yes&quot;,&quot;background_motion_fx_motion_fx_mouse&quot;:&quot;yes&quot;,&quot;background_motion_fx_opacity_direction&quot;:&quot;out-in&quot;,&quot;background_motion_fx_opacity_range&quot;:{&quot;unit&quot;:&quot;%&quot;,&quot;size&quot;:&quot;&quot;,&quot;sizes&quot;:{&quot;start&quot;:20,&quot;end&quot;:80}},&quot;background_motion_fx_devices&quot;:[&quot;desktop&quot;,&quot;tablet&quot;,&quot;mobile&quot;]}\">\n\t\t\t\t\t\t\t<div class=\"elementor-background-overlay\"><\/div>\n\t\t\t\t\t\t\t<div class=\"elementor-container elementor-column-gap-default\">\n\t\t\t\t\t<div class=\"elementor-column elementor-col-50 elementor-top-column elementor-element elementor-element-5c9e86b\" data-id=\"5c9e86b\" data-element_type=\"column\">\n\t\t\t<div class=\"elementor-widget-wrap elementor-element-populated\">\n\t\t\t\t\t\t<div class=\"elementor-element elementor-element-19c5db1 elementor-widget elementor-widget-heading\" data-id=\"19c5db1\" data-element_type=\"widget\" data-widget_type=\"heading.default\">\n\t\t\t\t<div class=\"elementor-widget-container\">\n\t\t\t\t\t<h1 class=\"elementor-heading-title elementor-size-default\">Santiago<br>Ortega<\/h1>\t\t\t\t<\/div>\n\t\t\t\t<\/div>\n\t\t\t\t<div class=\"elementor-element elementor-element-681af6f elementor-widget-divider--view-line elementor-widget elementor-widget-divider\" data-id=\"681af6f\" data-element_type=\"widget\" data-widget_type=\"divider.default\">\n\t\t\t\t<div class=\"elementor-widget-container\">\n\t\t\t\t\t\t\t<div class=\"elementor-divider\">\n\t\t\t<span class=\"elementor-divider-separator\">\n\t\t\t\t\t\t<\/span>\n\t\t<\/div>\n\t\t\t\t\t\t<\/div>\n\t\t\t\t<\/div>\n\t\t\t\t<div class=\"elementor-element elementor-element-7d9fe4f elementor-headline--style-rotate elementor-widget elementor-widget-animated-headline\" data-id=\"7d9fe4f\" data-element_type=\"widget\" data-settings=\"{&quot;headline_style&quot;:&quot;rotate&quot;,&quot;rotating_text&quot;:&quot;Artista visual&quot;,&quot;animation_type&quot;:&quot;typing&quot;,&quot;loop&quot;:&quot;yes&quot;,&quot;rotate_iteration_delay&quot;:2500}\" data-widget_type=\"animated-headline.default\">\n\t\t\t\t<div class=\"elementor-widget-container\">\n\t\t\t\t\t\t\t<h3 class=\"elementor-headline elementor-headline-animation-type-typing elementor-headline-letters\">\n\t\t\t\t<span class=\"elementor-headline-dynamic-wrapper elementor-headline-text-wrapper\">\n\t\t\t\t\t<span class=\"elementor-headline-dynamic-text elementor-headline-text-active\">\n\t\t\t\tArtista&nbsp;visual\t\t\t<\/span>\n\t\t\t\t\t\t<\/span>\n\t\t\t\t<\/h3>\n\t\t\t\t\t\t<\/div>\n\t\t\t\t<\/div>\n\t\t\t\t\t<\/div>\n\t\t<\/div>\n\t\t\t\t<div class=\"elementor-column elementor-col-50 elementor-top-column elementor-element elementor-element-3072861\" data-id=\"3072861\" data-element_type=\"column\">\n\t\t\t<div class=\"elementor-widget-wrap elementor-element-populated\">\n\t\t\t\t\t\t<div class=\"elementor-element elementor-element-6121b7f elementor-widget elementor-widget-image\" data-id=\"6121b7f\" data-element_type=\"widget\" data-settings=\"{&quot;motion_fx_motion_fx_mouse&quot;:&quot;yes&quot;,&quot;motion_fx_tilt_effect&quot;:&quot;yes&quot;,&quot;motion_fx_tilt_speed&quot;:{&quot;unit&quot;:&quot;px&quot;,&quot;size&quot;:1.899999999999999911182158029987476766109466552734375,&quot;sizes&quot;:[]}}\" data-widget_type=\"image.default\">\n\t\t\t\t<div class=\"elementor-widget-container\">\n\t\t\t\t\t\t\t\t\t\t\t\t\t\t\t<img fetchpriority=\"high\" decoding=\"async\" width=\"853\" height=\"1280\" src=\"https:\/\/santiagortega.com\/wp-content\/uploads\/2024\/08\/santiago.jpeg\" class=\"attachment-full size-full wp-image-220\" alt=\"\" srcset=\"https:\/\/santiagortega.com\/wp-content\/uploads\/2024\/08\/santiago.jpeg 853w, https:\/\/santiagortega.com\/wp-content\/uploads\/2024\/08\/santiago-200x300.jpeg 200w, https:\/\/santiagortega.com\/wp-content\/uploads\/2024\/08\/santiago-682x1024.jpeg 682w, https:\/\/santiagortega.com\/wp-content\/uploads\/2024\/08\/santiago-768x1152.jpeg 768w\" sizes=\"(max-width: 853px) 100vw, 853px\" \/>\t\t\t\t\t\t\t\t\t\t\t\t\t\t\t<\/div>\n\t\t\t\t<\/div>\n\t\t\t\t<div class=\"elementor-element elementor-element-fc14cac elementor-widget elementor-widget-text-editor\" data-id=\"fc14cac\" data-element_type=\"widget\" data-widget_type=\"text-editor.default\">\n\t\t\t\t<div class=\"elementor-widget-container\">\n\t\t\t\t\t\t\t\t\t<p>Fotograf\u00eda: Mtro. Jorge Arzate<\/p>\t\t\t\t\t\t\t\t<\/div>\n\t\t\t\t<\/div>\n\t\t\t\t\t<\/div>\n\t\t<\/div>\n\t\t\t\t\t<\/div>\n\t\t<\/section>\n\t\t\t\t<section class=\"elementor-section elementor-top-section elementor-element elementor-element-c7c5056 elementor-section-boxed elementor-section-height-default elementor-section-height-default\" data-id=\"c7c5056\" data-element_type=\"section\">\n\t\t\t\t\t\t<div class=\"elementor-container elementor-column-gap-default\">\n\t\t\t\t\t<div class=\"elementor-column elementor-col-100 elementor-top-column elementor-element elementor-element-d6e0845\" data-id=\"d6e0845\" data-element_type=\"column\">\n\t\t\t<div class=\"elementor-widget-wrap elementor-element-populated\">\n\t\t\t\t\t\t<div class=\"elementor-element elementor-element-e6dd1e1 elementor-widget elementor-widget-heading\" data-id=\"e6dd1e1\" data-element_type=\"widget\" data-widget_type=\"heading.default\">\n\t\t\t\t<div class=\"elementor-widget-container\">\n\t\t\t\t\t<h2 class=\"elementor-heading-title elementor-size-default\">Trayectoria<\/h2>\t\t\t\t<\/div>\n\t\t\t\t<\/div>\n\t\t\t\t<section class=\"elementor-section elementor-inner-section elementor-element elementor-element-99a0963 elementor-section-boxed elementor-section-height-default elementor-section-height-default\" data-id=\"99a0963\" data-element_type=\"section\">\n\t\t\t\t\t\t<div class=\"elementor-container elementor-column-gap-default\">\n\t\t\t\t\t<div class=\"elementor-column elementor-col-50 elementor-inner-column elementor-element elementor-element-22abe1a\" data-id=\"22abe1a\" data-element_type=\"column\">\n\t\t\t<div class=\"elementor-widget-wrap elementor-element-populated\">\n\t\t\t\t\t\t<div class=\"elementor-element elementor-element-d0cc637 elementor-widget elementor-widget-image\" data-id=\"d0cc637\" data-element_type=\"widget\" data-widget_type=\"image.default\">\n\t\t\t\t<div class=\"elementor-widget-container\">\n\t\t\t\t\t\t\t\t\t\t\t\t\t\t\t<img decoding=\"async\" width=\"450\" height=\"450\" src=\"https:\/\/santiagortega.com\/wp-content\/uploads\/2020\/10\/119135226_451548645722324_1177796899805754335_n.jpg\" class=\"attachment-large size-large wp-image-26\" alt=\"\" \/>\t\t\t\t\t\t\t\t\t\t\t\t\t\t\t<\/div>\n\t\t\t\t<\/div>\n\t\t\t\t\t<\/div>\n\t\t<\/div>\n\t\t\t\t<div class=\"elementor-column elementor-col-50 elementor-inner-column elementor-element elementor-element-49ed15e\" data-id=\"49ed15e\" data-element_type=\"column\">\n\t\t\t<div class=\"elementor-widget-wrap elementor-element-populated\">\n\t\t\t\t\t\t<div class=\"elementor-element elementor-element-ee01ae7 elementor-tabs-view-horizontal elementor-widget elementor-widget-tabs\" data-id=\"ee01ae7\" data-element_type=\"widget\" data-widget_type=\"tabs.default\">\n\t\t\t\t<div class=\"elementor-widget-container\">\n\t\t\t\t\t\t\t<div class=\"elementor-tabs\">\n\t\t\t<div class=\"elementor-tabs-wrapper\" role=\"tablist\" >\n\t\t\t\t\t\t\t\t\t<div id=\"elementor-tab-title-2491\" class=\"elementor-tab-title elementor-tab-desktop-title\" aria-selected=\"true\" data-tab=\"1\" role=\"tab\" tabindex=\"0\" aria-controls=\"elementor-tab-content-2491\" aria-expanded=\"false\">Formaci\u00f3n profesional<\/div>\n\t\t\t\t\t\t\t\t\t<div id=\"elementor-tab-title-2492\" class=\"elementor-tab-title elementor-tab-desktop-title\" aria-selected=\"false\" data-tab=\"2\" role=\"tab\" tabindex=\"-1\" aria-controls=\"elementor-tab-content-2492\" aria-expanded=\"false\">Exposiciones<\/div>\n\t\t\t\t\t\t\t\t\t<div id=\"elementor-tab-title-2493\" class=\"elementor-tab-title elementor-tab-desktop-title\" aria-selected=\"false\" data-tab=\"3\" role=\"tab\" tabindex=\"-1\" aria-controls=\"elementor-tab-content-2493\" aria-expanded=\"false\">Museos<\/div>\n\t\t\t\t\t\t\t<\/div>\n\t\t\t<div class=\"elementor-tabs-content-wrapper\" role=\"tablist\" aria-orientation=\"vertical\">\n\t\t\t\t\t\t\t\t\t<div class=\"elementor-tab-title elementor-tab-mobile-title\" aria-selected=\"true\" data-tab=\"1\" role=\"tab\" tabindex=\"0\" aria-controls=\"elementor-tab-content-2491\" aria-expanded=\"false\">Formaci\u00f3n profesional<\/div>\n\t\t\t\t\t<div id=\"elementor-tab-content-2491\" class=\"elementor-tab-content elementor-clearfix\" data-tab=\"1\" role=\"tabpanel\" aria-labelledby=\"elementor-tab-title-2491\" tabindex=\"0\" hidden=\"false\"><p><strong>Santiago Ortega Hern\u00e1ndez<\/strong> Ciudad de M\u00e9xico, 1962. <strong>Licenciado y Maestro en Artes Visuales por la UNAM<\/strong>, donde obtuvo Menci\u00f3n Honor\u00edfica en su examen de grado.<\/p><p><strong>Ha impartido 23 cursos y talleres, as\u00ed como 17 conferencias y ponencias<\/strong> en diferentes instituciones sobre temas como el sistema de legalizaci\u00f3n y legitimaci\u00f3n de las artes visuales, el coleccionismo empresarial en el mercado del arte.<\/p><\/div>\n\t\t\t\t\t\t\t\t\t<div class=\"elementor-tab-title elementor-tab-mobile-title\" aria-selected=\"false\" data-tab=\"2\" role=\"tab\" tabindex=\"-1\" aria-controls=\"elementor-tab-content-2492\" aria-expanded=\"false\">Exposiciones<\/div>\n\t\t\t\t\t<div id=\"elementor-tab-content-2492\" class=\"elementor-tab-content elementor-clearfix\" data-tab=\"2\" role=\"tabpanel\" aria-labelledby=\"elementor-tab-title-2492\" tabindex=\"0\" hidden=\"hidden\"><p><span style=\"font-size: 15px; color: var( --e-global-color-text );\">Cuenta con <\/span><strong style=\"font-size: 15px; color: var( --e-global-color-text );\">diez exposiciones individuales y 64 colectivas en Europa, Asia, Am\u00e9rica del Norte y Latinoam\u00e9rica.<\/strong><span style=\"font-size: 15px; color: var( --e-global-color-text );\"> Su obra forma parte de diversas colecciones tanto a nivel nacional como internacional.<\/span><\/p><p style=\"text-align: center;\"><img decoding=\"async\" class=\"alignnone size-medium wp-image-57\" src=\"https:\/\/santiagortega.com\/wp-content\/uploads\/2020\/10\/Imagen3-300x187.png\" alt=\"\" width=\"300\" height=\"187\" \/> <img loading=\"lazy\" decoding=\"async\" class=\"alignnone size-medium wp-image-56\" src=\"https:\/\/santiagortega.com\/wp-content\/uploads\/2020\/10\/Imagen2-300x155.png\" alt=\"\" width=\"300\" height=\"155\" \/> <img loading=\"lazy\" decoding=\"async\" class=\"alignnone size-medium wp-image-55\" src=\"https:\/\/santiagortega.com\/wp-content\/uploads\/2020\/10\/Imagen1-300x278.png\" alt=\"\" width=\"300\" height=\"278\" \/> <img loading=\"lazy\" decoding=\"async\" class=\"alignnone size-medium wp-image-58\" src=\"https:\/\/santiagortega.com\/wp-content\/uploads\/2020\/10\/Imagen4-300x155.png\" alt=\"\" width=\"300\" height=\"155\" \/><\/p><\/div>\n\t\t\t\t\t\t\t\t\t<div class=\"elementor-tab-title elementor-tab-mobile-title\" aria-selected=\"false\" data-tab=\"3\" role=\"tab\" tabindex=\"-1\" aria-controls=\"elementor-tab-content-2493\" aria-expanded=\"false\">Museos<\/div>\n\t\t\t\t\t<div id=\"elementor-tab-content-2493\" class=\"elementor-tab-content elementor-clearfix\" data-tab=\"3\" role=\"tabpanel\" aria-labelledby=\"elementor-tab-title-2493\" tabindex=\"0\" hidden=\"hidden\"><h4>Museos donde ha expuesto su obra art\u00edstica<\/h4><ul><li>Museo de Arte de Setagaya, Tokio, Jap\u00f3n<\/li><li>Museo de la Ciudad de M\u00e9xico, CDMX<\/li><li>Galer\u00edas de la Antigua Academia de San Carlos. FAD\/UNAM, CDMX<\/li><li>Museo Dolores Olmedo Pati\u00f1o, CDMX<\/li><li>Museo Universitario de Ciencias y Artes, Ciudad Universitaria, CDMX<\/li><li>Entre otros.<\/li><\/ul><\/div>\n\t\t\t\t\t\t\t<\/div>\n\t\t<\/div>\n\t\t\t\t\t\t<\/div>\n\t\t\t\t<\/div>\n\t\t\t\t\t<\/div>\n\t\t<\/div>\n\t\t\t\t\t<\/div>\n\t\t<\/section>\n\t\t\t\t\t<\/div>\n\t\t<\/div>\n\t\t\t\t\t<\/div>\n\t\t<\/section>\n\t\t\t\t<section class=\"elementor-section elementor-top-section elementor-element elementor-element-5f9d28d elementor-section-boxed elementor-section-height-default elementor-section-height-default\" data-id=\"5f9d28d\" data-element_type=\"section\" id=\"galeria\" data-settings=\"{&quot;background_background&quot;:&quot;classic&quot;}\">\n\t\t\t\t\t\t<div class=\"elementor-container elementor-column-gap-default\">\n\t\t\t\t\t<div class=\"elementor-column elementor-col-100 elementor-top-column elementor-element elementor-element-2cb7a6a\" data-id=\"2cb7a6a\" data-element_type=\"column\">\n\t\t\t<div class=\"elementor-widget-wrap elementor-element-populated\">\n\t\t\t\t\t\t<div class=\"elementor-element elementor-element-585e5a9 elementor-widget elementor-widget-heading\" data-id=\"585e5a9\" data-element_type=\"widget\" data-widget_type=\"heading.default\">\n\t\t\t\t<div class=\"elementor-widget-container\">\n\t\t\t\t\t<h2 class=\"elementor-heading-title elementor-size-default\">Galer\u00eda<\/h2>\t\t\t\t<\/div>\n\t\t\t\t<\/div>\n\t\t\t\t<div class=\"elementor-element elementor-element-a49e4df elementor-widget elementor-widget-gallery\" data-id=\"a49e4df\" data-element_type=\"widget\" data-settings=\"{&quot;gallery_layout&quot;:&quot;masonry&quot;,&quot;lazyload&quot;:&quot;yes&quot;,&quot;columns&quot;:4,&quot;columns_tablet&quot;:2,&quot;columns_mobile&quot;:1,&quot;gap&quot;:{&quot;unit&quot;:&quot;px&quot;,&quot;size&quot;:10,&quot;sizes&quot;:[]},&quot;gap_tablet&quot;:{&quot;unit&quot;:&quot;px&quot;,&quot;size&quot;:10,&quot;sizes&quot;:[]},&quot;gap_mobile&quot;:{&quot;unit&quot;:&quot;px&quot;,&quot;size&quot;:10,&quot;sizes&quot;:[]},&quot;link_to&quot;:&quot;file&quot;,&quot;show_all_galleries&quot;:&quot;yes&quot;,&quot;overlay_background&quot;:&quot;yes&quot;,&quot;content_hover_animation&quot;:&quot;fade-in&quot;}\" data-widget_type=\"gallery.default\">\n\t\t\t\t<div class=\"elementor-widget-container\">\n\t\t\t\t\t\t\t\t<div class=\"elementor-gallery__titles-container e--pointer-underline e--animation-fade\" aria-label=\"Gallery filter\">\n\t\t\t\t\t\t\t\t\t<a class=\"elementor-item elementor-gallery-title\" role=\"button\" tabindex=\"0\" data-gallery-index=\"all\">\n\t\t\t\t\t\tTodos\t\t\t\t\t<\/a>\n\t\t\t\t\n\t\t\t\t\t\t\t\t\t<a class=\"elementor-item elementor-gallery-title\" role=\"button\" tabindex=\"0\" data-gallery-index=\"0\">\n\t\t\t\t\t\tPintura\t\t\t\t\t<\/a>\n\t\t\t\t\t\t\t\t\t\t<a class=\"elementor-item elementor-gallery-title\" role=\"button\" tabindex=\"0\" data-gallery-index=\"1\">\n\t\t\t\t\t\tEstampa\t\t\t\t\t<\/a>\n\t\t\t\t\t\t\t\t<\/div>\n\t\t\t\t\t<div class=\"elementor-gallery__container\">\n\t\t\t\t\t\t\t<a class=\"e-gallery-item elementor-gallery-item elementor-animated-content\" data-e-gallery-tags=\"0\" href=\"https:\/\/santiagortega.com\/wp-content\/uploads\/2021\/08\/Encuentro.jpg\" data-elementor-open-lightbox=\"yes\" data-elementor-lightbox-slideshow=\"a49e4df\" data-elementor-lightbox-title=\"Encuentro\" data-elementor-lightbox-description=\"\u00d3leo \/ madera, 40 x 80 cm. 2021 \" data-e-action-hash=\"#elementor-action%3Aaction%3Dlightbox%26settings%3DeyJpZCI6MTkzLCJ1cmwiOiJodHRwczpcL1wvc2FudGlhZ29ydGVnYS5jb21cL3dwLWNvbnRlbnRcL3VwbG9hZHNcLzIwMjFcLzA4XC9FbmN1ZW50cm8uanBnIiwic2xpZGVzaG93IjoiYTQ5ZTRkZiJ9\">\n\t\t\t\t\t<div class=\"e-gallery-image elementor-gallery-item__image\" data-thumbnail=\"https:\/\/santiagortega.com\/wp-content\/uploads\/2021\/08\/Encuentro-300x197.jpg\" data-width=\"300\" data-height=\"197\" aria-label=\"\" role=\"img\" ><\/div>\n\t\t\t\t\t\t\t\t\t\t\t<div class=\"elementor-gallery-item__overlay\"><\/div>\n\t\t\t\t\t\t\t\t\t\t\t\t\t\t<\/a>\n\t\t\t\t\t\t\t<a class=\"e-gallery-item elementor-gallery-item elementor-animated-content\" data-e-gallery-tags=\"0\" href=\"https:\/\/santiagortega.com\/wp-content\/uploads\/2021\/08\/tlaticpauisIIIv2.jpg\" data-elementor-open-lightbox=\"yes\" data-elementor-lightbox-slideshow=\"a49e4df\" data-elementor-lightbox-title=\"Tlaticpauic III\" data-elementor-lightbox-description=\"\u00d3leo\/madera, 40 x 40 cm. 2021. De la serie \u201cDualidades \u201c\" data-e-action-hash=\"#elementor-action%3Aaction%3Dlightbox%26settings%3DeyJpZCI6MjA2LCJ1cmwiOiJodHRwczpcL1wvc2FudGlhZ29ydGVnYS5jb21cL3dwLWNvbnRlbnRcL3VwbG9hZHNcLzIwMjFcLzA4XC90bGF0aWNwYXVpc0lJSXYyLmpwZyIsInNsaWRlc2hvdyI6ImE0OWU0ZGYifQ%3D%3D\">\n\t\t\t\t\t<div class=\"e-gallery-image elementor-gallery-item__image\" data-thumbnail=\"https:\/\/santiagortega.com\/wp-content\/uploads\/2021\/08\/tlaticpauisIIIv2-200x300.jpg\" data-width=\"200\" data-height=\"300\" aria-label=\"\" role=\"img\" ><\/div>\n\t\t\t\t\t\t\t\t\t\t\t<div class=\"elementor-gallery-item__overlay\"><\/div>\n\t\t\t\t\t\t\t\t\t\t\t\t\t\t<\/a>\n\t\t\t\t\t\t\t<a class=\"e-gallery-item elementor-gallery-item elementor-animated-content\" data-e-gallery-tags=\"0\" href=\"https:\/\/santiagortega.com\/wp-content\/uploads\/2021\/08\/Anura-I.jpg\" data-elementor-open-lightbox=\"yes\" data-elementor-lightbox-slideshow=\"a49e4df\" data-elementor-lightbox-title=\"Anura I\" data-elementor-lightbox-description=\"\u00d3leo\/madera. 40 x 40 cm. 2020. De la serie &quot;Dualidades\u201d. \" data-e-action-hash=\"#elementor-action%3Aaction%3Dlightbox%26settings%3DeyJpZCI6MTkyLCJ1cmwiOiJodHRwczpcL1wvc2FudGlhZ29ydGVnYS5jb21cL3dwLWNvbnRlbnRcL3VwbG9hZHNcLzIwMjFcLzA4XC9BbnVyYS1JLmpwZyIsInNsaWRlc2hvdyI6ImE0OWU0ZGYifQ%3D%3D\">\n\t\t\t\t\t<div class=\"e-gallery-image elementor-gallery-item__image\" data-thumbnail=\"https:\/\/santiagortega.com\/wp-content\/uploads\/2021\/08\/Anura-I-300x197.jpg\" data-width=\"300\" data-height=\"197\" aria-label=\"\" role=\"img\" ><\/div>\n\t\t\t\t\t\t\t\t\t\t\t<div class=\"elementor-gallery-item__overlay\"><\/div>\n\t\t\t\t\t\t\t\t\t\t\t\t\t\t<\/a>\n\t\t\t\t\t\t\t<a class=\"e-gallery-item elementor-gallery-item elementor-animated-content\" data-e-gallery-tags=\"0\" href=\"https:\/\/santiagortega.com\/wp-content\/uploads\/2021\/08\/Anteojeras-I.jpg\" data-elementor-open-lightbox=\"yes\" data-elementor-lightbox-slideshow=\"a49e4df\" data-elementor-lightbox-title=\"Anteojeras I\" data-elementor-lightbox-description=\"\u00d3leo\/madera, 40 x 40 cm., 2019. De la serie \u201cDualidades\u201d\" data-e-action-hash=\"#elementor-action%3Aaction%3Dlightbox%26settings%3DeyJpZCI6MjAwLCJ1cmwiOiJodHRwczpcL1wvc2FudGlhZ29ydGVnYS5jb21cL3dwLWNvbnRlbnRcL3VwbG9hZHNcLzIwMjFcLzA4XC9BbnRlb2plcmFzLUkuanBnIiwic2xpZGVzaG93IjoiYTQ5ZTRkZiJ9\">\n\t\t\t\t\t<div class=\"e-gallery-image elementor-gallery-item__image\" data-thumbnail=\"https:\/\/santiagortega.com\/wp-content\/uploads\/2021\/08\/Anteojeras-I-300x200.jpg\" data-width=\"300\" data-height=\"200\" aria-label=\"\" role=\"img\" ><\/div>\n\t\t\t\t\t\t\t\t\t\t\t<div class=\"elementor-gallery-item__overlay\"><\/div>\n\t\t\t\t\t\t\t\t\t\t\t\t\t\t<\/a>\n\t\t\t\t\t\t\t<a class=\"e-gallery-item elementor-gallery-item elementor-animated-content\" data-e-gallery-tags=\"1\" href=\"https:\/\/santiagortega.com\/wp-content\/uploads\/2025\/02\/img72.jpg\" data-elementor-open-lightbox=\"yes\" data-elementor-lightbox-slideshow=\"a49e4df\" data-elementor-lightbox-title=\"Los asombros del agua,\" data-elementor-lightbox-description=\"Linograf\u00eda y xilograf\u00eda, 40 x 40 cm, 2024\" data-e-action-hash=\"#elementor-action%3Aaction%3Dlightbox%26settings%3DeyJpZCI6MjMwLCJ1cmwiOiJodHRwczpcL1wvc2FudGlhZ29ydGVnYS5jb21cL3dwLWNvbnRlbnRcL3VwbG9hZHNcLzIwMjVcLzAyXC9pbWc3Mi5qcGciLCJzbGlkZXNob3ciOiJhNDllNGRmIn0%3D\">\n\t\t\t\t\t<div class=\"e-gallery-image elementor-gallery-item__image\" data-thumbnail=\"https:\/\/santiagortega.com\/wp-content\/uploads\/2025\/02\/img72-294x300.jpg\" data-width=\"294\" data-height=\"300\" aria-label=\"\" role=\"img\" ><\/div>\n\t\t\t\t\t\t\t\t\t\t\t<div class=\"elementor-gallery-item__overlay\"><\/div>\n\t\t\t\t\t\t\t\t\t\t\t\t\t\t<\/a>\n\t\t\t\t\t\t\t<a class=\"e-gallery-item elementor-gallery-item elementor-animated-content\" data-e-gallery-tags=\"1\" href=\"https:\/\/santiagortega.com\/wp-content\/uploads\/2025\/02\/img80.jpg\" data-elementor-open-lightbox=\"yes\" data-elementor-lightbox-slideshow=\"a49e4df\" data-elementor-lightbox-title=\"En cautela\" data-elementor-lightbox-description=\"Xilograf\u00eda, 40 x 40 cm, 2024\" data-e-action-hash=\"#elementor-action%3Aaction%3Dlightbox%26settings%3DeyJpZCI6MjMxLCJ1cmwiOiJodHRwczpcL1wvc2FudGlhZ29ydGVnYS5jb21cL3dwLWNvbnRlbnRcL3VwbG9hZHNcLzIwMjVcLzAyXC9pbWc4MC5qcGciLCJzbGlkZXNob3ciOiJhNDllNGRmIn0%3D\">\n\t\t\t\t\t<div class=\"e-gallery-image elementor-gallery-item__image\" data-thumbnail=\"https:\/\/santiagortega.com\/wp-content\/uploads\/2025\/02\/img80-293x300.jpg\" data-width=\"293\" data-height=\"300\" aria-label=\"\" role=\"img\" ><\/div>\n\t\t\t\t\t\t\t\t\t\t\t<div class=\"elementor-gallery-item__overlay\"><\/div>\n\t\t\t\t\t\t\t\t\t\t\t\t\t\t<\/a>\n\t\t\t\t\t\t\t<a class=\"e-gallery-item elementor-gallery-item elementor-animated-content\" data-e-gallery-tags=\"1\" href=\"https:\/\/santiagortega.com\/wp-content\/uploads\/2025\/02\/img83.jpg\" data-elementor-open-lightbox=\"yes\" data-elementor-lightbox-slideshow=\"a49e4df\" data-elementor-lightbox-title=\"En cautela II\" data-elementor-lightbox-description=\"Xilograf\u00eda, 40 x 40 cm, 2024\" data-e-action-hash=\"#elementor-action%3Aaction%3Dlightbox%26settings%3DeyJpZCI6MjMyLCJ1cmwiOiJodHRwczpcL1wvc2FudGlhZ29ydGVnYS5jb21cL3dwLWNvbnRlbnRcL3VwbG9hZHNcLzIwMjVcLzAyXC9pbWc4My5qcGciLCJzbGlkZXNob3ciOiJhNDllNGRmIn0%3D\">\n\t\t\t\t\t<div class=\"e-gallery-image elementor-gallery-item__image\" data-thumbnail=\"https:\/\/santiagortega.com\/wp-content\/uploads\/2025\/02\/img83-281x300.jpg\" data-width=\"281\" data-height=\"300\" aria-label=\"\" role=\"img\" ><\/div>\n\t\t\t\t\t\t\t\t\t\t\t<div class=\"elementor-gallery-item__overlay\"><\/div>\n\t\t\t\t\t\t\t\t\t\t\t\t\t\t<\/a>\n\t\t\t\t\t\t\t<a class=\"e-gallery-item elementor-gallery-item elementor-animated-content\" data-e-gallery-tags=\"1\" href=\"https:\/\/santiagortega.com\/wp-content\/uploads\/2025\/02\/img86.jpg\" data-elementor-open-lightbox=\"yes\" data-elementor-lightbox-slideshow=\"a49e4df\" data-elementor-lightbox-title=\"En cautela III\" data-elementor-lightbox-description=\"Xilograf\u00eda, 40 x 40 cm, 2024\" data-e-action-hash=\"#elementor-action%3Aaction%3Dlightbox%26settings%3DeyJpZCI6MjMzLCJ1cmwiOiJodHRwczpcL1wvc2FudGlhZ29ydGVnYS5jb21cL3dwLWNvbnRlbnRcL3VwbG9hZHNcLzIwMjVcLzAyXC9pbWc4Ni5qcGciLCJzbGlkZXNob3ciOiJhNDllNGRmIn0%3D\">\n\t\t\t\t\t<div class=\"e-gallery-image elementor-gallery-item__image\" data-thumbnail=\"https:\/\/santiagortega.com\/wp-content\/uploads\/2025\/02\/img86-297x300.jpg\" data-width=\"297\" data-height=\"300\" aria-label=\"\" role=\"img\" ><\/div>\n\t\t\t\t\t\t\t\t\t\t\t<div class=\"elementor-gallery-item__overlay\"><\/div>\n\t\t\t\t\t\t\t\t\t\t\t\t\t\t<\/a>\n\t\t\t\t\t\t\t<a class=\"e-gallery-item elementor-gallery-item elementor-animated-content\" data-e-gallery-tags=\"1\" href=\"https:\/\/santiagortega.com\/wp-content\/uploads\/2025\/02\/img89.jpg\" data-elementor-open-lightbox=\"yes\" data-elementor-lightbox-slideshow=\"a49e4df\" data-elementor-lightbox-title=\"Inquieto III\" data-elementor-lightbox-description=\"Linograf\u00eda, 40 x 40 cm, 2024\" data-e-action-hash=\"#elementor-action%3Aaction%3Dlightbox%26settings%3DeyJpZCI6MjM0LCJ1cmwiOiJodHRwczpcL1wvc2FudGlhZ29ydGVnYS5jb21cL3dwLWNvbnRlbnRcL3VwbG9hZHNcLzIwMjVcLzAyXC9pbWc4OS5qcGciLCJzbGlkZXNob3ciOiJhNDllNGRmIn0%3D\">\n\t\t\t\t\t<div class=\"e-gallery-image elementor-gallery-item__image\" data-thumbnail=\"https:\/\/santiagortega.com\/wp-content\/uploads\/2025\/02\/img89-296x300.jpg\" data-width=\"296\" data-height=\"300\" aria-label=\"\" role=\"img\" ><\/div>\n\t\t\t\t\t\t\t\t\t\t\t<div class=\"elementor-gallery-item__overlay\"><\/div>\n\t\t\t\t\t\t\t\t\t\t\t\t\t\t<\/a>\n\t\t\t\t\t\t\t<a class=\"e-gallery-item elementor-gallery-item elementor-animated-content\" data-e-gallery-tags=\"1\" href=\"https:\/\/santiagortega.com\/wp-content\/uploads\/2025\/02\/img92.jpg\" data-elementor-open-lightbox=\"yes\" data-elementor-lightbox-slideshow=\"a49e4df\" data-elementor-lightbox-title=\"En sue\u00f1o II\" data-elementor-lightbox-description=\"Linograf\u00eda, 40 x 40 cm, 2024\" data-e-action-hash=\"#elementor-action%3Aaction%3Dlightbox%26settings%3DeyJpZCI6MjM1LCJ1cmwiOiJodHRwczpcL1wvc2FudGlhZ29ydGVnYS5jb21cL3dwLWNvbnRlbnRcL3VwbG9hZHNcLzIwMjVcLzAyXC9pbWc5Mi5qcGciLCJzbGlkZXNob3ciOiJhNDllNGRmIn0%3D\">\n\t\t\t\t\t<div class=\"e-gallery-image elementor-gallery-item__image\" data-thumbnail=\"https:\/\/santiagortega.com\/wp-content\/uploads\/2025\/02\/img92-300x296.jpg\" data-width=\"300\" data-height=\"296\" aria-label=\"\" role=\"img\" ><\/div>\n\t\t\t\t\t\t\t\t\t\t\t<div class=\"elementor-gallery-item__overlay\"><\/div>\n\t\t\t\t\t\t\t\t\t\t\t\t\t\t<\/a>\n\t\t\t\t\t\t\t<a class=\"e-gallery-item elementor-gallery-item elementor-animated-content\" data-e-gallery-tags=\"1\" href=\"https:\/\/santiagortega.com\/wp-content\/uploads\/2025\/02\/img95.jpg\" data-elementor-open-lightbox=\"yes\" data-elementor-lightbox-slideshow=\"a49e4df\" data-elementor-lightbox-title=\"En sue\u00f1o III\" data-elementor-lightbox-description=\"Linograf\u00eda, 40 x 40 cm, 2024\" data-e-action-hash=\"#elementor-action%3Aaction%3Dlightbox%26settings%3DeyJpZCI6MjM2LCJ1cmwiOiJodHRwczpcL1wvc2FudGlhZ29ydGVnYS5jb21cL3dwLWNvbnRlbnRcL3VwbG9hZHNcLzIwMjVcLzAyXC9pbWc5NS5qcGciLCJzbGlkZXNob3ciOiJhNDllNGRmIn0%3D\">\n\t\t\t\t\t<div class=\"e-gallery-image elementor-gallery-item__image\" data-thumbnail=\"https:\/\/santiagortega.com\/wp-content\/uploads\/2025\/02\/img95-274x300.jpg\" data-width=\"274\" data-height=\"300\" aria-label=\"\" role=\"img\" ><\/div>\n\t\t\t\t\t\t\t\t\t\t\t<div class=\"elementor-gallery-item__overlay\"><\/div>\n\t\t\t\t\t\t\t\t\t\t\t\t\t\t<\/a>\n\t\t\t\t\t\t\t<a class=\"e-gallery-item elementor-gallery-item elementor-animated-content\" data-e-gallery-tags=\"1\" href=\"https:\/\/santiagortega.com\/wp-content\/uploads\/2020\/10\/120063130_950390685438295_5774177326054280993_n.jpg\" data-elementor-open-lightbox=\"yes\" data-elementor-lightbox-slideshow=\"a49e4df\" data-elementor-lightbox-title=\"Integraci\u00f3n II\" data-elementor-lightbox-description=\"Huecograbado. 60cm x 45.5 cm 1997\" data-e-action-hash=\"#elementor-action%3Aaction%3Dlightbox%26settings%3DeyJpZCI6MzEsInVybCI6Imh0dHBzOlwvXC9zYW50aWFnb3J0ZWdhLmNvbVwvd3AtY29udGVudFwvdXBsb2Fkc1wvMjAyMFwvMTBcLzEyMDA2MzEzMF85NTAzOTA2ODU0MzgyOTVfNTc3NDE3NzMyNjA1NDI4MDk5M19uLmpwZyIsInNsaWRlc2hvdyI6ImE0OWU0ZGYifQ%3D%3D\">\n\t\t\t\t\t<div class=\"e-gallery-image elementor-gallery-item__image\" data-thumbnail=\"https:\/\/santiagortega.com\/wp-content\/uploads\/2020\/10\/120063130_950390685438295_5774177326054280993_n.jpg\" data-width=\"240\" data-height=\"300\" aria-label=\"\" role=\"img\" ><\/div>\n\t\t\t\t\t\t\t\t\t\t\t<div class=\"elementor-gallery-item__overlay\"><\/div>\n\t\t\t\t\t\t\t\t\t\t\t\t\t\t<\/a>\n\t\t\t\t\t\t\t<a class=\"e-gallery-item elementor-gallery-item elementor-animated-content\" data-e-gallery-tags=\"1\" href=\"https:\/\/santiagortega.com\/wp-content\/uploads\/2021\/02\/mistico.jpg\" data-elementor-open-lightbox=\"yes\" data-elementor-lightbox-slideshow=\"a49e4df\" data-elementor-lightbox-title=\"M\u00edstico\" data-elementor-lightbox-description=\"Linograf\u00eda y xilograf\u00eda, 33 x 20 cm. 2005\" data-e-action-hash=\"#elementor-action%3Aaction%3Dlightbox%26settings%3DeyJpZCI6MTI1LCJ1cmwiOiJodHRwczpcL1wvc2FudGlhZ29ydGVnYS5jb21cL3dwLWNvbnRlbnRcL3VwbG9hZHNcLzIwMjFcLzAyXC9taXN0aWNvLmpwZyIsInNsaWRlc2hvdyI6ImE0OWU0ZGYifQ%3D%3D\">\n\t\t\t\t\t<div class=\"e-gallery-image elementor-gallery-item__image\" data-thumbnail=\"https:\/\/santiagortega.com\/wp-content\/uploads\/2021\/02\/mistico-183x300.jpg\" data-width=\"183\" data-height=\"300\" aria-label=\"\" role=\"img\" ><\/div>\n\t\t\t\t\t\t\t\t\t\t\t<div class=\"elementor-gallery-item__overlay\"><\/div>\n\t\t\t\t\t\t\t\t\t\t\t\t\t\t<\/a>\n\t\t\t\t\t\t\t<a class=\"e-gallery-item elementor-gallery-item elementor-animated-content\" data-e-gallery-tags=\"1\" href=\"https:\/\/santiagortega.com\/wp-content\/uploads\/2021\/08\/Bajo-el-sol.jpg\" data-elementor-open-lightbox=\"yes\" data-elementor-lightbox-slideshow=\"a49e4df\" data-elementor-lightbox-title=\"Bajo el sol\" data-elementor-lightbox-description=\"Linograf\u00eda, 20 x 33 cm. 2006\" data-e-action-hash=\"#elementor-action%3Aaction%3Dlightbox%26settings%3DeyJpZCI6MjExLCJ1cmwiOiJodHRwczpcL1wvc2FudGlhZ29ydGVnYS5jb21cL3dwLWNvbnRlbnRcL3VwbG9hZHNcLzIwMjFcLzA4XC9CYWpvLWVsLXNvbC5qcGciLCJzbGlkZXNob3ciOiJhNDllNGRmIn0%3D\">\n\t\t\t\t\t<div class=\"e-gallery-image elementor-gallery-item__image\" data-thumbnail=\"https:\/\/santiagortega.com\/wp-content\/uploads\/2021\/08\/Bajo-el-sol-300x200.jpg\" data-width=\"300\" data-height=\"200\" aria-label=\"\" role=\"img\" ><\/div>\n\t\t\t\t\t\t\t\t\t\t\t<div class=\"elementor-gallery-item__overlay\"><\/div>\n\t\t\t\t\t\t\t\t\t\t\t\t\t\t<\/a>\n\t\t\t\t\t\t\t<a class=\"e-gallery-item elementor-gallery-item elementor-animated-content\" data-e-gallery-tags=\"1\" href=\"https:\/\/santiagortega.com\/wp-content\/uploads\/2021\/02\/tlaticpauic_II.jpg\" data-elementor-open-lightbox=\"yes\" data-elementor-lightbox-slideshow=\"a49e4df\" data-elementor-lightbox-title=\"Tlaticpauic II\" data-elementor-lightbox-description=\" Xilograf\u00eda, 31 x 31 cm. 2007.\" data-e-action-hash=\"#elementor-action%3Aaction%3Dlightbox%26settings%3DeyJpZCI6MTQyLCJ1cmwiOiJodHRwczpcL1wvc2FudGlhZ29ydGVnYS5jb21cL3dwLWNvbnRlbnRcL3VwbG9hZHNcLzIwMjFcLzAyXC90bGF0aWNwYXVpY19JSS5qcGciLCJzbGlkZXNob3ciOiJhNDllNGRmIn0%3D\">\n\t\t\t\t\t<div class=\"e-gallery-image elementor-gallery-item__image\" data-thumbnail=\"https:\/\/santiagortega.com\/wp-content\/uploads\/2021\/02\/tlaticpauic_II-300x300.jpg\" data-width=\"300\" data-height=\"300\" aria-label=\"\" role=\"img\" ><\/div>\n\t\t\t\t\t\t\t\t\t\t\t<div class=\"elementor-gallery-item__overlay\"><\/div>\n\t\t\t\t\t\t\t\t\t\t\t\t\t\t<\/a>\n\t\t\t\t\t\t\t<a class=\"e-gallery-item elementor-gallery-item elementor-animated-content\" data-e-gallery-tags=\"1\" href=\"https:\/\/santiagortega.com\/wp-content\/uploads\/2021\/02\/tlaticpauic_I.jpg\" data-elementor-open-lightbox=\"yes\" data-elementor-lightbox-slideshow=\"a49e4df\" data-elementor-lightbox-title=\"Tlaticpauic I\" data-elementor-lightbox-description=\"Xilograf\u00eda, 31 x 31 cm. 2007\" data-e-action-hash=\"#elementor-action%3Aaction%3Dlightbox%26settings%3DeyJpZCI6MTIzLCJ1cmwiOiJodHRwczpcL1wvc2FudGlhZ29ydGVnYS5jb21cL3dwLWNvbnRlbnRcL3VwbG9hZHNcLzIwMjFcLzAyXC90bGF0aWNwYXVpY19JLmpwZyIsInNsaWRlc2hvdyI6ImE0OWU0ZGYifQ%3D%3D\">\n\t\t\t\t\t<div class=\"e-gallery-image elementor-gallery-item__image\" data-thumbnail=\"https:\/\/santiagortega.com\/wp-content\/uploads\/2021\/02\/tlaticpauic_I-300x300.jpg\" data-width=\"300\" data-height=\"300\" aria-label=\"\" role=\"img\" ><\/div>\n\t\t\t\t\t\t\t\t\t\t\t<div class=\"elementor-gallery-item__overlay\"><\/div>\n\t\t\t\t\t\t\t\t\t\t\t\t\t\t<\/a>\n\t\t\t\t\t\t\t<a class=\"e-gallery-item elementor-gallery-item elementor-animated-content\" data-e-gallery-tags=\"1\" href=\"https:\/\/santiagortega.com\/wp-content\/uploads\/2021\/02\/inquieto.jpg\" data-elementor-open-lightbox=\"yes\" data-elementor-lightbox-slideshow=\"a49e4df\" data-elementor-lightbox-title=\"Inquieto\" data-elementor-lightbox-description=\"Xilograf\u00eda, 27 x 27 cm. 2008\" data-e-action-hash=\"#elementor-action%3Aaction%3Dlightbox%26settings%3DeyJpZCI6MTI0LCJ1cmwiOiJodHRwczpcL1wvc2FudGlhZ29ydGVnYS5jb21cL3dwLWNvbnRlbnRcL3VwbG9hZHNcLzIwMjFcLzAyXC9pbnF1aWV0by5qcGciLCJzbGlkZXNob3ciOiJhNDllNGRmIn0%3D\">\n\t\t\t\t\t<div class=\"e-gallery-image elementor-gallery-item__image\" data-thumbnail=\"https:\/\/santiagortega.com\/wp-content\/uploads\/2021\/02\/inquieto-300x300.jpg\" data-width=\"300\" data-height=\"300\" aria-label=\"\" role=\"img\" ><\/div>\n\t\t\t\t\t\t\t\t\t\t\t<div class=\"elementor-gallery-item__overlay\"><\/div>\n\t\t\t\t\t\t\t\t\t\t\t\t\t\t<\/a>\n\t\t\t\t\t\t\t<a class=\"e-gallery-item elementor-gallery-item elementor-animated-content\" data-e-gallery-tags=\"1\" href=\"https:\/\/santiagortega.com\/wp-content\/uploads\/2021\/08\/A-la-tierra....jpg\" data-elementor-open-lightbox=\"yes\" data-elementor-lightbox-slideshow=\"a49e4df\" data-elementor-lightbox-title=\"A la tierra...\" data-elementor-lightbox-description=\"Xilograf\u00eda, 20 x 32.5 cm. 2008.\" data-e-action-hash=\"#elementor-action%3Aaction%3Dlightbox%26settings%3DeyJpZCI6MjEwLCJ1cmwiOiJodHRwczpcL1wvc2FudGlhZ29ydGVnYS5jb21cL3dwLWNvbnRlbnRcL3VwbG9hZHNcLzIwMjFcLzA4XC9BLWxhLXRpZXJyYS4uLi5qcGciLCJzbGlkZXNob3ciOiJhNDllNGRmIn0%3D\">\n\t\t\t\t\t<div class=\"e-gallery-image elementor-gallery-item__image\" data-thumbnail=\"https:\/\/santiagortega.com\/wp-content\/uploads\/2021\/08\/A-la-tierra...-300x200.jpg\" data-width=\"300\" data-height=\"200\" aria-label=\"\" role=\"img\" ><\/div>\n\t\t\t\t\t\t\t\t\t\t\t<div class=\"elementor-gallery-item__overlay\"><\/div>\n\t\t\t\t\t\t\t\t\t\t\t\t\t\t<\/a>\n\t\t\t\t\t\t\t<a class=\"e-gallery-item elementor-gallery-item elementor-animated-content\" data-e-gallery-tags=\"1\" href=\"https:\/\/santiagortega.com\/wp-content\/uploads\/2020\/10\/119349528_369905060705606_5325113545805941042_n.jpg\" data-elementor-open-lightbox=\"yes\" data-elementor-lightbox-slideshow=\"a49e4df\" data-elementor-lightbox-title=\"Axolotl II\" data-elementor-lightbox-description=\"Xilograf\u00eda. 31 x 31 cm. 2008.\" data-e-action-hash=\"#elementor-action%3Aaction%3Dlightbox%26settings%3DeyJpZCI6MzAsInVybCI6Imh0dHBzOlwvXC9zYW50aWFnb3J0ZWdhLmNvbVwvd3AtY29udGVudFwvdXBsb2Fkc1wvMjAyMFwvMTBcLzExOTM0OTUyOF8zNjk5MDUwNjA3MDU2MDZfNTMyNTExMzU0NTgwNTk0MTA0Ml9uLmpwZyIsInNsaWRlc2hvdyI6ImE0OWU0ZGYifQ%3D%3D\">\n\t\t\t\t\t<div class=\"e-gallery-image elementor-gallery-item__image\" data-thumbnail=\"https:\/\/santiagortega.com\/wp-content\/uploads\/2020\/10\/119349528_369905060705606_5325113545805941042_n.jpg\" data-width=\"300\" data-height=\"300\" aria-label=\"\" role=\"img\" ><\/div>\n\t\t\t\t\t\t\t\t\t\t\t<div class=\"elementor-gallery-item__overlay\"><\/div>\n\t\t\t\t\t\t\t\t\t\t\t\t\t\t<\/a>\n\t\t\t\t\t\t\t<a class=\"e-gallery-item elementor-gallery-item elementor-animated-content\" data-e-gallery-tags=\"1\" href=\"https:\/\/santiagortega.com\/wp-content\/uploads\/2020\/10\/208937_102520439892077_1134018196_n.jpg\" data-elementor-open-lightbox=\"yes\" data-elementor-lightbox-slideshow=\"a49e4df\" data-elementor-lightbox-title=\"Viviendo en los canales\" data-elementor-lightbox-description=\"Xilografia, 35.5cm x 35.5cm. 2008\" data-e-action-hash=\"#elementor-action%3Aaction%3Dlightbox%26settings%3DeyJpZCI6MjgsInVybCI6Imh0dHBzOlwvXC9zYW50aWFnb3J0ZWdhLmNvbVwvd3AtY29udGVudFwvdXBsb2Fkc1wvMjAyMFwvMTBcLzIwODkzN18xMDI1MjA0Mzk4OTIwNzdfMTEzNDAxODE5Nl9uLmpwZyIsInNsaWRlc2hvdyI6ImE0OWU0ZGYifQ%3D%3D\">\n\t\t\t\t\t<div class=\"e-gallery-image elementor-gallery-item__image\" data-thumbnail=\"https:\/\/santiagortega.com\/wp-content\/uploads\/2020\/10\/208937_102520439892077_1134018196_n.jpg\" data-width=\"300\" data-height=\"253\" aria-label=\"\" role=\"img\" ><\/div>\n\t\t\t\t\t\t\t\t\t\t\t<div class=\"elementor-gallery-item__overlay\"><\/div>\n\t\t\t\t\t\t\t\t\t\t\t\t\t\t<\/a>\n\t\t\t\t\t\t\t<a class=\"e-gallery-item elementor-gallery-item elementor-animated-content\" data-e-gallery-tags=\"1\" href=\"https:\/\/santiagortega.com\/wp-content\/uploads\/2020\/10\/119135226_451548645722324_1177796899805754335_n-1.jpg\" data-elementor-open-lightbox=\"yes\" data-elementor-lightbox-slideshow=\"a49e4df\" data-elementor-lightbox-title=\"El se\u00f1or de los canales III\" data-elementor-lightbox-description=\"Xilograf\u00eda, 35 x 35 cm. 2012.\" data-e-action-hash=\"#elementor-action%3Aaction%3Dlightbox%26settings%3DeyJpZCI6MjksInVybCI6Imh0dHBzOlwvXC9zYW50aWFnb3J0ZWdhLmNvbVwvd3AtY29udGVudFwvdXBsb2Fkc1wvMjAyMFwvMTBcLzExOTEzNTIyNl80NTE1NDg2NDU3MjIzMjRfMTE3Nzc5Njg5OTgwNTc1NDMzNV9uLTEuanBnIiwic2xpZGVzaG93IjoiYTQ5ZTRkZiJ9\">\n\t\t\t\t\t<div class=\"e-gallery-image elementor-gallery-item__image\" data-thumbnail=\"https:\/\/santiagortega.com\/wp-content\/uploads\/2020\/10\/119135226_451548645722324_1177796899805754335_n-1.jpg\" data-width=\"300\" data-height=\"300\" aria-label=\"\" role=\"img\" ><\/div>\n\t\t\t\t\t\t\t\t\t\t\t<div class=\"elementor-gallery-item__overlay\"><\/div>\n\t\t\t\t\t\t\t\t\t\t\t\t\t\t<\/a>\n\t\t\t\t\t<\/div>\n\t\t\t\t\t<\/div>\n\t\t\t\t<\/div>\n\t\t\t\t\t<\/div>\n\t\t<\/div>\n\t\t\t\t\t<\/div>\n\t\t<\/section>\n\t\t\t\t<section class=\"elementor-section elementor-top-section elementor-element elementor-element-beff98f elementor-section-boxed elementor-section-height-default elementor-section-height-default\" data-id=\"beff98f\" data-element_type=\"section\" data-settings=\"{&quot;background_background&quot;:&quot;classic&quot;}\">\n\t\t\t\t\t\t<div class=\"elementor-container elementor-column-gap-default\">\n\t\t\t\t\t<div class=\"elementor-column elementor-col-100 elementor-top-column elementor-element elementor-element-0fdeff1\" data-id=\"0fdeff1\" data-element_type=\"column\">\n\t\t\t<div class=\"elementor-widget-wrap elementor-element-populated\">\n\t\t\t\t\t\t<div class=\"elementor-element elementor-element-b1cdec0 elementor-widget elementor-widget-heading\" data-id=\"b1cdec0\" data-element_type=\"widget\" data-widget_type=\"heading.default\">\n\t\t\t\t<div class=\"elementor-widget-container\">\n\t\t\t\t\t<h2 class=\"elementor-heading-title elementor-size-default\">Los Asombros del Agua<\/h2>\t\t\t\t<\/div>\n\t\t\t\t<\/div>\n\t\t\t\t<div class=\"elementor-element elementor-element-4f2c8a4 elementor-widget elementor-widget-shortcode\" data-id=\"4f2c8a4\" data-element_type=\"widget\" data-widget_type=\"shortcode.default\">\n\t\t\t\t<div class=\"elementor-widget-container\">\n\t\t\t\t\t\t\t<div class=\"elementor-shortcode\"><div class=\"_3d-flip-book  fb3d-fullscreen-mode full-size\" data-id=\"256\" data-mode=\"fullscreen\" data-title=\"false\" data-template=\"short-white-book-view\" data-lightbox=\"dark-shadow\" data-urlparam=\"fb3d-page\" data-page-n=\"0\" data-pdf=\"\" data-tax=\"null\" data-thumbnail=\"\" data-cols=\"3\" data-book-template=\"default\" data-trigger=\"\"><\/div><script type=\"text\/javascript\">window.FB3D_CLIENT_DATA = window.FB3D_CLIENT_DATA || [];FB3D_CLIENT_DATA.push('eyJwb3N0cyI6eyIyNTYiOnsiSUQiOjI1NiwidGl0bGUiOiIiLCJ0eXBlIjoicGRmIiwicmVhZHlfZnVuY3Rpb24iOiIiLCJib29rX3N0eWxlIjoiZmxhdCIsImJvb2tfdGVtcGxhdGUiOiJub25lIiwib3V0bGluZSI6W10sImRhdGEiOnsicG9zdF9JRCI6IjI1NyIsImd1aWQiOiJodHRwczpcL1wvc2FudGlhZ29ydGVnYS5jb21cL3dwLWNvbnRlbnRcL3VwbG9hZHNcLzIwMjVcLzA0XC9Mb3MtYXNvbWJyb3MtZGVsLWFndWEtY2F0YWxvZ28tU2FudGlhZ28tT3J0ZWdhLUhlcm5hbmRlei5wZGYiLCJwZGZfcGFnZXMiOiIzMiIsInBhZ2VzX2N1c3RvbWl6YXRpb24iOiJub25lIn0sInRodW1ibmFpbCI6eyJkYXRhIjp7InBvc3RfSUQiOiIwIn0sInR5cGUiOiJhdXRvIn0sInByb3BzIjp7ImJhY2tncm91bmRDb2xvciI6ImF1dG8iLCJiYWNrZ3JvdW5kSW1hZ2UiOiJhdXRvIiwiYmFja2dyb3VuZFN0eWxlIjoiYXV0byIsImhpZ2hsaWdodExpbmtzIjoiYXV0byIsImxpZ2h0aW5nIjoiYXV0byIsInNpbmdsZVBhZ2VNb2RlIjoiYXV0byIsImNhY2hlZFBhZ2VzIjoiYXV0byIsInJlbmRlckluYWN0aXZlUGFnZXMiOiJhdXRvIiwicmVuZGVySW5hY3RpdmVQYWdlc09uTW9iaWxlIjoiYXV0byIsInJlbmRlcldoaWxlRmxpcHBpbmciOiJhdXRvIiwicHJlbG9hZFBhZ2VzIjoiYXV0byIsImF1dG9QbGF5RHVyYXRpb24iOiJhdXRvIiwicnRsIjoiYXV0byIsImludGVyYWN0aXZlQ29ybmVycyI6ImF1dG8iLCJtYXhEZXB0aCI6ImF1dG8iLCJzaGVldCI6eyJzdGFydFZlbG9jaXR5IjoiYXV0byIsIndhdmUiOiJhdXRvIiwic2hhcGUiOiJhdXRvIiwid2lkdGhUZXhlbHMiOiJhdXRvIiwiY29sb3IiOiJhdXRvIiwic2lkZSI6ImF1dG8iLCJzdHJldGNoSW1hZ2VzIjoiYXV0byIsImNvcm5lckRldmlhdGlvbiI6ImF1dG8iLCJmbGV4aWJpbGl0eSI6ImF1dG8iLCJmbGV4aWJsZUNvcm5lciI6ImF1dG8iLCJiZW5kaW5nIjoiYXV0byIsImhlaWdodFRleGVscyI6ImF1dG8ifSwiY292ZXIiOnsid2F2ZSI6ImF1dG8iLCJjb2xvciI6ImF1dG8iLCJzaWRlIjoiYXV0byIsInN0cmV0Y2hJbWFnZXMiOiJhdXRvIiwiYmluZGVyVGV4dHVyZSI6ImF1dG8iLCJkZXB0aCI6ImF1dG8iLCJwYWRkaW5nIjoiYXV0byIsInN0YXJ0VmVsb2NpdHkiOiJhdXRvIiwiZmxleGliaWxpdHkiOiJhdXRvIiwiZmxleGlibGVDb3JuZXIiOiJhdXRvIiwiYmVuZGluZyI6ImF1dG8iLCJ3aWR0aFRleGVscyI6ImF1dG8iLCJoZWlnaHRUZXhlbHMiOiJhdXRvIiwibWFzcyI6ImF1dG8iLCJzaGFwZSI6ImF1dG8ifSwicGFnZSI6eyJ3YXZlIjoiYXV0byIsImNvbG9yIjoiYXV0byIsInNpZGUiOiJhdXRvIiwic3RyZXRjaEltYWdlcyI6ImF1dG8iLCJkZXB0aCI6ImF1dG8iLCJzdGFydFZlbG9jaXR5IjoiYXV0byIsImZsZXhpYmlsaXR5IjoiYXV0byIsImZsZXhpYmxlQ29ybmVyIjoiYXV0byIsImJlbmRpbmciOiJhdXRvIiwid2lkdGhUZXhlbHMiOiJhdXRvIiwiaGVpZ2h0VGV4ZWxzIjoiYXV0byIsIm1hc3MiOiJhdXRvIiwic2hhcGUiOiJhdXRvIn0sImhlaWdodCI6ImF1dG8iLCJ3aWR0aCI6ImF1dG8iLCJncmF2aXR5IjoiYXV0byIsInBhZ2VzRm9yUHJlZGljdGluZyI6ImF1dG8ifSwiY29udHJvbFByb3BzIjp7ImFjdGlvbnMiOnsiY21kVG9jIjp7ImVuYWJsZWQiOiJhdXRvIiwiZW5hYmxlZEluTmFycm93IjoiYXV0byIsImFjdGl2ZSI6ImF1dG8iLCJkZWZhdWx0VGFiIjoiYXV0byJ9LCJjbWRBdXRvUGxheSI6eyJlbmFibGVkIjoiYXV0byIsImVuYWJsZWRJbk5hcnJvdyI6ImF1dG8iLCJhY3RpdmUiOiJhdXRvIn0sImNtZFNhdmUiOnsiZW5hYmxlZCI6ImF1dG8iLCJlbmFibGVkSW5OYXJyb3ciOiJhdXRvIn0sImNtZFByaW50Ijp7ImVuYWJsZWQiOiJhdXRvIiwiZW5hYmxlZEluTmFycm93IjoiYXV0byJ9LCJjbWRTaW5nbGVQYWdlIjp7ImVuYWJsZWQiOiJhdXRvIiwiZW5hYmxlZEluTmFycm93IjoiYXV0byIsImFjdGl2ZSI6ImF1dG8iLCJhY3RpdmVGb3JNb2JpbGUiOiJhdXRvIn0sIndpZFRvb2xiYXIiOnsiZW5hYmxlZCI6ImF1dG8iLCJlbmFibGVkSW5OYXJyb3ciOiJhdXRvIn19fSwiYXV0b1RodW1ibmFpbCI6Imh0dHBzOlwvXC9zYW50aWFnb3J0ZWdhLmNvbVwvd3AtY29udGVudFwvdXBsb2Fkc1wvM2QtZmxpcC1ib29rXC9hdXRvLXRodW1ibmFpbHNcLzI1Ni5wbmciLCJwb3N0X25hbWUiOiIyNTYiLCJwb3N0X3R5cGUiOiIzZC1mbGlwLWJvb2sifX0sInBhZ2VzIjpbXSwiZmlyc3RQYWdlcyI6W119');window.FB3D_CLIENT_LOCALE && FB3D_CLIENT_LOCALE.render && FB3D_CLIENT_LOCALE.render();<\/script><\/div>\n\t\t\t\t\t\t<\/div>\n\t\t\t\t<\/div>\n\t\t\t\t\t<\/div>\n\t\t<\/div>\n\t\t\t\t\t<\/div>\n\t\t<\/section>\n\t\t\t\t<section class=\"elementor-section elementor-top-section elementor-element elementor-element-265fac7 elementor-section-boxed elementor-section-height-default elementor-section-height-default\" data-id=\"265fac7\" data-element_type=\"section\" id=\"acerca\">\n\t\t\t\t\t\t<div class=\"elementor-container elementor-column-gap-default\">\n\t\t\t\t\t<div class=\"elementor-column elementor-col-100 elementor-top-column elementor-element elementor-element-189d14a\" data-id=\"189d14a\" data-element_type=\"column\">\n\t\t\t<div class=\"elementor-widget-wrap elementor-element-populated\">\n\t\t\t\t\t\t<div class=\"elementor-element elementor-element-447652e elementor-widget elementor-widget-heading\" data-id=\"447652e\" data-element_type=\"widget\" data-widget_type=\"heading.default\">\n\t\t\t\t<div class=\"elementor-widget-container\">\n\t\t\t\t\t<h2 class=\"elementor-heading-title elementor-size-default\">Acerca de su obra<\/h2>\t\t\t\t<\/div>\n\t\t\t\t<\/div>\n\t\t\t\t<section class=\"elementor-section elementor-inner-section elementor-element elementor-element-0f50995 elementor-section-boxed elementor-section-height-default elementor-section-height-default\" data-id=\"0f50995\" data-element_type=\"section\" data-settings=\"{&quot;background_background&quot;:&quot;classic&quot;}\">\n\t\t\t\t\t\t<div class=\"elementor-container elementor-column-gap-default\">\n\t\t\t\t\t<div class=\"elementor-column elementor-col-50 elementor-inner-column elementor-element elementor-element-acac911\" data-id=\"acac911\" data-element_type=\"column\">\n\t\t\t<div class=\"elementor-widget-wrap elementor-element-populated\">\n\t\t\t\t\t\t<div class=\"elementor-element elementor-element-4476695 elementor-widget elementor-widget-image\" data-id=\"4476695\" data-element_type=\"widget\" data-widget_type=\"image.default\">\n\t\t\t\t<div class=\"elementor-widget-container\">\n\t\t\t\t\t\t\t\t\t\t\t\t\t\t\t<img decoding=\"async\" width=\"450\" height=\"450\" src=\"https:\/\/santiagortega.com\/wp-content\/uploads\/2020\/10\/119135226_451548645722324_1177796899805754335_n.jpg\" class=\"attachment-large size-large wp-image-26\" alt=\"\" \/>\t\t\t\t\t\t\t\t\t\t\t\t\t\t\t<\/div>\n\t\t\t\t<\/div>\n\t\t\t\t<div class=\"elementor-element elementor-element-9adc9e3 elementor-widget elementor-widget-heading\" data-id=\"9adc9e3\" data-element_type=\"widget\" data-widget_type=\"heading.default\">\n\t\t\t\t<div class=\"elementor-widget-container\">\n\t\t\t\t\t<h4 class=\"elementor-heading-title elementor-size-default\">Jorge P\u00e9rez Escamilla<br>\nCctubre de 2024<\/h4>\t\t\t\t<\/div>\n\t\t\t\t<\/div>\n\t\t\t\t\t<\/div>\n\t\t<\/div>\n\t\t\t\t<div class=\"elementor-column elementor-col-50 elementor-inner-column elementor-element elementor-element-c33d46c\" data-id=\"c33d46c\" data-element_type=\"column\" data-settings=\"{&quot;background_background&quot;:&quot;classic&quot;}\">\n\t\t\t<div class=\"elementor-widget-wrap elementor-element-populated\">\n\t\t\t\t\t\t<div class=\"elementor-element elementor-element-ca0f0ea elementor-widget elementor-widget-heading\" data-id=\"ca0f0ea\" data-element_type=\"widget\" data-widget_type=\"heading.default\">\n\t\t\t\t<div class=\"elementor-widget-container\">\n\t\t\t\t\t<h2 class=\"elementor-heading-title elementor-size-default\">\u201cLos asombros del agua\u201d<\/h2>\t\t\t\t<\/div>\n\t\t\t\t<\/div>\n\t\t\t\t<div class=\"elementor-element elementor-element-3a9bbaa elementor-widget elementor-widget-text-editor\" data-id=\"3a9bbaa\" data-element_type=\"widget\" data-widget_type=\"text-editor.default\">\n\t\t\t\t<div class=\"elementor-widget-container\">\n\t\t\t\t\t\t\t\t\t<p>Si bien el 13 de agosto de 1521 cay\u00f3 M\u00e9xico Tenochtitlan, la derrota mexica implic\u00f3 mucho m\u00e1s que un cambio en las formas de gobierno y administraci\u00f3n de un territorio: signific\u00f3 el comienzo de un proceso de resignificaci\u00f3n y reescritura de un mundo que, de tan \u00edntimo y c\u00edclico para unos, devino en una impostada amenaza misteriosa para los otros, los europeos. En 1533, poco m\u00e1s de una d\u00e9cada despu\u00e9s, se fund\u00f3 el Colegio de Santiago Tlatelolco donde, erigido con las piedras de los viejos templos, se levant\u00f3 uno de los pilares para la preservaci\u00f3n de la memoria y generaci\u00f3n de nuevos conocimientos en el hibridado territorio recient\u00edsimo. All\u00ed los tlacuilos tuvieron que reaprender a mirar el mundo \u2014su mundo\u2014 desde una \u00f3ptica que no era ya la propia. Aprendieron t\u00e9cnicas, para ellos nuevas, con la encomienda de representar lo devastado y hacerlo comprensible \u2014lejano y, por tanto, m\u00edtico\u2014 para las nuevas generaciones de unos y otros. La guerra de im\u00e1genes comenz\u00f3.<\/p>\t\t\t\t\t\t\t\t<\/div>\n\t\t\t\t<\/div>\n\t\t\t\t<div class=\"elementor-element elementor-element-ca8d30a elementor-widget elementor-widget-accordion\" data-id=\"ca8d30a\" data-element_type=\"widget\" data-widget_type=\"accordion.default\">\n\t\t\t\t<div class=\"elementor-widget-container\">\n\t\t\t\t\t\t\t<div class=\"elementor-accordion\">\n\t\t\t\t\t\t\t<div class=\"elementor-accordion-item\">\n\t\t\t\t\t<div id=\"elementor-tab-title-2121\" class=\"elementor-tab-title\" data-tab=\"1\" role=\"button\" aria-controls=\"elementor-tab-content-2121\" aria-expanded=\"false\">\n\t\t\t\t\t\t\t\t\t\t\t\t<a class=\"elementor-accordion-title\" tabindex=\"0\"><\/a>\n\t\t\t\t\t<\/div>\n\t\t\t\t\t<div id=\"elementor-tab-content-2121\" class=\"elementor-tab-content elementor-clearfix\" data-tab=\"1\" role=\"region\" aria-labelledby=\"elementor-tab-title-2121\"><\/div>\n\t\t\t\t<\/div>\n\t\t\t\t\t\t\t<div class=\"elementor-accordion-item\">\n\t\t\t\t\t<div id=\"elementor-tab-title-2122\" class=\"elementor-tab-title\" data-tab=\"2\" role=\"button\" aria-controls=\"elementor-tab-content-2122\" aria-expanded=\"false\">\n\t\t\t\t\t\t\t\t\t\t\t\t<a class=\"elementor-accordion-title\" tabindex=\"0\">Leer m\u00e1s<\/a>\n\t\t\t\t\t<\/div>\n\t\t\t\t\t<div id=\"elementor-tab-content-2122\" class=\"elementor-tab-content elementor-clearfix\" data-tab=\"2\" role=\"region\" aria-labelledby=\"elementor-tab-title-2122\"><p>Desde entonces, a veces con cercan\u00eda, otras con distancia, como esos tlacuilos hemos aprendido a mirar el mundo desde los referentes culturales aprendidos e importados desde occidente. Lo contemplamos envueltos en la extra\u00f1eza y naturalidad de quien mira a lo largo de d\u00e9cadas el desecamiento de un lago, de un r\u00edo.<\/p><p>El trabajo de Santiago Ortega Hern\u00e1ndez, a ese respecto, nos invita a mirar con familiaridad esos procesos asombrosos. A trav\u00e9s no s\u00f3lo de sus im\u00e1genes, sino tambi\u00e9n de sus formatos, propone una serie de escenas que recrean a partir de lo natural una serie de territorios perdidos. Ya sea por el agotamiento de una cultura e incluso por la devastaci\u00f3n ecol\u00f3gica, sus grabados permiten habitar una vez m\u00e1s \u2014aunque se trate de una primera vez\u2014 esos universos reci\u00e9n descubiertos por tlacuilos y mirones, ya fueran religiosos, militares, seculares, todos absortos por el reconocimiento de lo que no pudieron ver.<\/p><p>El trabajo de Santiago Ortega, con esa naturalidad, nos enfrenta a trav\u00e9s del grabado a esa s\u00edntesis de tiempos, de historias, de seres que al paso del tiempo se van volviendo m\u00edticos para justificar su preservaci\u00f3n en la memoria. Vemos sus peces, sus alegor\u00edas, como si hubieran estado all\u00ed siempre, como si no fueran producto del arduo trabajo del artista que durante d\u00edas, semanas, recrea detalladamente \u2014primero tallando en la madera, despu\u00e9s cuidando las impresiones en el papel\u2014 esos mundos tan pr\u00f3ximos como fant\u00e1sticos.<\/p><p>Vemos en su producci\u00f3n la historia y sobrevivencia de ciertos imaginarios, esa constante guerra por persistir que deviene en asombro. Vemos el paso del tiempo, de la historia, como producto de un proceso natural y lo aceptamos como lo hacemos resignadamente con el fin de la infancia o la ca\u00edda de un imperio. Historia e intimidad se funden en la mano del grabador para que el espectador pueda revivirla en el eterno presente de la exposici\u00f3n.<\/p><p>La obra de Santiago Ortega, sensible y erudita, abre posibilidades de contemplaci\u00f3n l\u00facidas e inquietantes si se ve con detalle. En sus grabados la muerte pierde su cualidad moral, dolorosa, y se vuelve retrato; lo on\u00edrico se torna \u00e9gloga y lo natural alusi\u00f3n al devenir de la tradici\u00f3n art\u00edstica. El asombro se transforma en regla, en canon que articula esta colecci\u00f3n de im\u00e1genes.<\/p><\/div>\n\t\t\t\t<\/div>\n\t\t\t\t\t\t\t\t<\/div>\n\t\t\t\t\t\t<\/div>\n\t\t\t\t<\/div>\n\t\t\t\t\t<\/div>\n\t\t<\/div>\n\t\t\t\t\t<\/div>\n\t\t<\/section>\n\t\t\t\t<section class=\"elementor-section elementor-inner-section elementor-element elementor-element-bfd534e elementor-section-boxed elementor-section-height-default elementor-section-height-default\" data-id=\"bfd534e\" data-element_type=\"section\" data-settings=\"{&quot;background_background&quot;:&quot;classic&quot;}\">\n\t\t\t\t\t\t<div class=\"elementor-container elementor-column-gap-default\">\n\t\t\t\t\t<div class=\"elementor-column elementor-col-50 elementor-inner-column elementor-element elementor-element-507d85e\" data-id=\"507d85e\" data-element_type=\"column\" data-settings=\"{&quot;background_background&quot;:&quot;classic&quot;}\">\n\t\t\t<div class=\"elementor-widget-wrap elementor-element-populated\">\n\t\t\t\t\t\t<div class=\"elementor-element elementor-element-b157980 elementor-widget elementor-widget-heading\" data-id=\"b157980\" data-element_type=\"widget\" data-widget_type=\"heading.default\">\n\t\t\t\t<div class=\"elementor-widget-container\">\n\t\t\t\t\t<h2 class=\"elementor-heading-title elementor-size-default\">\u201cSobre el trabajo de Santiago Ortega\u201d<\/h2>\t\t\t\t<\/div>\n\t\t\t\t<\/div>\n\t\t\t\t<div class=\"elementor-element elementor-element-06e09ea elementor-widget elementor-widget-text-editor\" data-id=\"06e09ea\" data-element_type=\"widget\" data-widget_type=\"text-editor.default\">\n\t\t\t\t<div class=\"elementor-widget-container\">\n\t\t\t\t\t\t\t\t\t<p>El trabajo de Santiago Ortega incide, investiga decididamente sobre los distintos planos que componen a sus im\u00e1genes: al aspecto t\u00e9cnico le contin\u00faan las investigaciones iconogr\u00e1ficas que despliegan de manera contempor\u00e1nea un imaginario ancestral: la fauna vertida en el C\u00f3dice Florentino. Capa sobre capa, sus obras recomponen im\u00e1genes que han nutrido a la cultura visual mexicana desde el siglo XVI. De cierta manera recrea la extra\u00f1eza de los tlacuilos, de aquellos artistas nativos que se enfrentaron de manera dr\u00e1stica a la representaci\u00f3n de las distintas especies naturales a partir de las t\u00e9cnicas europeas.<\/p>\t\t\t\t\t\t\t\t<\/div>\n\t\t\t\t<\/div>\n\t\t\t\t<div class=\"elementor-element elementor-element-e43cf8a elementor-widget elementor-widget-accordion\" data-id=\"e43cf8a\" data-element_type=\"widget\" data-widget_type=\"accordion.default\">\n\t\t\t\t<div class=\"elementor-widget-container\">\n\t\t\t\t\t\t\t<div class=\"elementor-accordion\">\n\t\t\t\t\t\t\t<div class=\"elementor-accordion-item\">\n\t\t\t\t\t<div id=\"elementor-tab-title-2391\" class=\"elementor-tab-title\" data-tab=\"1\" role=\"button\" aria-controls=\"elementor-tab-content-2391\" aria-expanded=\"false\">\n\t\t\t\t\t\t\t\t\t\t\t\t<a class=\"elementor-accordion-title\" tabindex=\"0\"><\/a>\n\t\t\t\t\t<\/div>\n\t\t\t\t\t<div id=\"elementor-tab-content-2391\" class=\"elementor-tab-content elementor-clearfix\" data-tab=\"1\" role=\"region\" aria-labelledby=\"elementor-tab-title-2391\"><\/div>\n\t\t\t\t<\/div>\n\t\t\t\t\t\t\t<div class=\"elementor-accordion-item\">\n\t\t\t\t\t<div id=\"elementor-tab-title-2392\" class=\"elementor-tab-title\" data-tab=\"2\" role=\"button\" aria-controls=\"elementor-tab-content-2392\" aria-expanded=\"false\">\n\t\t\t\t\t\t\t\t\t\t\t\t<a class=\"elementor-accordion-title\" tabindex=\"0\">Leer m\u00e1s<\/a>\n\t\t\t\t\t<\/div>\n\t\t\t\t\t<div id=\"elementor-tab-content-2392\" class=\"elementor-tab-content elementor-clearfix\" data-tab=\"2\" role=\"region\" aria-labelledby=\"elementor-tab-title-2392\"><p>La obra de Santiago Ortega nos enfrenta al reconocimiento del mundo, de su desconcierto, a trav\u00e9s de un arte que mixtifica t\u00e9cnicas, imaginarios y tiempos. Su trabajo nos permite revisitar ese atlas de lo natural con una sorpresa moderna, pero sin ingenuidad. Todo lo contrario: sus composiciones demuestran un dominio de su arte, mismo que contribuye a generar escenas complejas, eruditas y sensibles. Su arte, me atrevo a decir, implica de cierta manera una vuelta de tuerca al surrealismo, ya que el yuxtaponer los planos, profundidades y colores, atiende a una resignificaci\u00f3n de una memoria dada y, en esa medida, del mundo. Propone im\u00e1genes no on\u00edricas sino abstractas, de cierto modo fragmentadas donde el c\u00famulo de partes apela a una composici\u00f3n multifocal. Sus formatos circulares me remiten, en lo personal, a una mirilla a trav\u00e9s de la cual espiamos a lo natural; a lo natural que no es sino artificio: construcci\u00f3n cr\u00edtica que desmantela y reordena el devenir de una serie de tradiciones que encuentran una vez m\u00e1s consecuci\u00f3n en las im\u00e1genes que abre a la mirada del espectador. En esa medida, el de Santiago Ortega es un arte que busca devolverle la mirada a quien lo mira: detr\u00e1s de esa mirilla hay una obra viva que tambi\u00e9n busca resignificar a ese otro incidiendo en su memoria y sensibilidad hist\u00f3rica.<\/p><\/div>\n\t\t\t\t<\/div>\n\t\t\t\t\t\t\t\t<\/div>\n\t\t\t\t\t\t<\/div>\n\t\t\t\t<\/div>\n\t\t\t\t\t<\/div>\n\t\t<\/div>\n\t\t\t\t<div class=\"elementor-column elementor-col-50 elementor-inner-column elementor-element elementor-element-aef7841\" data-id=\"aef7841\" data-element_type=\"column\">\n\t\t\t<div class=\"elementor-widget-wrap elementor-element-populated\">\n\t\t\t\t\t\t<div class=\"elementor-element elementor-element-778a56c elementor-widget elementor-widget-image\" data-id=\"778a56c\" data-element_type=\"widget\" data-widget_type=\"image.default\">\n\t\t\t\t<div class=\"elementor-widget-container\">\n\t\t\t\t\t\t\t\t\t\t\t\t\t\t\t<img decoding=\"async\" width=\"450\" height=\"450\" src=\"https:\/\/santiagortega.com\/wp-content\/uploads\/2020\/10\/119135226_451548645722324_1177796899805754335_n.jpg\" class=\"attachment-large size-large wp-image-26\" alt=\"\" \/>\t\t\t\t\t\t\t\t\t\t\t\t\t\t\t<\/div>\n\t\t\t\t<\/div>\n\t\t\t\t<div class=\"elementor-element elementor-element-d337ea1 elementor-widget elementor-widget-heading\" data-id=\"d337ea1\" data-element_type=\"widget\" data-widget_type=\"heading.default\">\n\t\t\t\t<div class=\"elementor-widget-container\">\n\t\t\t\t\t<h5 class=\"elementor-heading-title elementor-size-default\">Jorge P\u00e9rez Escamilla\nJulio de 2021 \n<\/h5>\t\t\t\t<\/div>\n\t\t\t\t<\/div>\n\t\t\t\t\t<\/div>\n\t\t<\/div>\n\t\t\t\t\t<\/div>\n\t\t<\/section>\n\t\t\t\t<section class=\"elementor-section elementor-inner-section elementor-element elementor-element-a15733b elementor-section-boxed elementor-section-height-default elementor-section-height-default\" data-id=\"a15733b\" data-element_type=\"section\" data-settings=\"{&quot;background_background&quot;:&quot;classic&quot;}\">\n\t\t\t\t\t\t<div class=\"elementor-container elementor-column-gap-default\">\n\t\t\t\t\t<div class=\"elementor-column elementor-col-50 elementor-inner-column elementor-element elementor-element-01196d1\" data-id=\"01196d1\" data-element_type=\"column\">\n\t\t\t<div class=\"elementor-widget-wrap elementor-element-populated\">\n\t\t\t\t\t\t<div class=\"elementor-element elementor-element-fb7efac elementor-widget elementor-widget-image\" data-id=\"fb7efac\" data-element_type=\"widget\" data-widget_type=\"image.default\">\n\t\t\t\t<div class=\"elementor-widget-container\">\n\t\t\t\t\t\t\t\t\t\t\t\t\t\t\t<img decoding=\"async\" width=\"450\" height=\"450\" src=\"https:\/\/santiagortega.com\/wp-content\/uploads\/2020\/10\/119135226_451548645722324_1177796899805754335_n.jpg\" class=\"attachment-large size-large wp-image-26\" alt=\"\" \/>\t\t\t\t\t\t\t\t\t\t\t\t\t\t\t<\/div>\n\t\t\t\t<\/div>\n\t\t\t\t<div class=\"elementor-element elementor-element-bba3959 elementor-widget elementor-widget-heading\" data-id=\"bba3959\" data-element_type=\"widget\" data-widget_type=\"heading.default\">\n\t\t\t\t<div class=\"elementor-widget-container\">\n\t\t\t\t\t<h4 class=\"elementor-heading-title elementor-size-default\">Gloria Hern\u00e1ndez \nJulio  de 2013<\/h4>\t\t\t\t<\/div>\n\t\t\t\t<\/div>\n\t\t\t\t\t<\/div>\n\t\t<\/div>\n\t\t\t\t<div class=\"elementor-column elementor-col-50 elementor-inner-column elementor-element elementor-element-209f72c\" data-id=\"209f72c\" data-element_type=\"column\" data-settings=\"{&quot;background_background&quot;:&quot;classic&quot;}\">\n\t\t\t<div class=\"elementor-widget-wrap elementor-element-populated\">\n\t\t\t\t\t\t<div class=\"elementor-element elementor-element-483b071 elementor-widget elementor-widget-heading\" data-id=\"483b071\" data-element_type=\"widget\" data-widget_type=\"heading.default\">\n\t\t\t\t<div class=\"elementor-widget-container\">\n\t\t\t\t\t<h2 class=\"elementor-heading-title elementor-size-default\">\u201cEntre aguas turbulentas\u201d<\/h2>\t\t\t\t<\/div>\n\t\t\t\t<\/div>\n\t\t\t\t<div class=\"elementor-element elementor-element-7fade1a elementor-widget elementor-widget-text-editor\" data-id=\"7fade1a\" data-element_type=\"widget\" data-widget_type=\"text-editor.default\">\n\t\t\t\t<div class=\"elementor-widget-container\">\n\t\t\t\t\t\t\t\t\tA primera vista, \u00a0la obra gr\u00e1fica de Santiago Ortega se nos presenta con una gran solvencia art\u00edstica, por sus composiciones, por sus juegos tonales, por su tem\u00e1tica, por sus valores est\u00e9ticos; pero m\u00e1s all\u00e1 de la complacencia que nos causa su trabajo, \u00e9ste es el reflejo de un proceso de investigaci\u00f3n art\u00edstica minucioso.\n<br>\n<br>\nEn su infancia creci\u00f3 en un medio rural, escindido entre la vida citadina y la vida de campo, su acontecer cotidiano se vio enriquecido con vivencias propias de quienes todav\u00eda disfrutan del contacto con la flora y la fauna de sus alrededores, estas im\u00e1genes quedaron grabadas en su mente, y hoy a trav\u00e9s de su tem\u00e1tica, nos comparte ese mundo natural que persiste de manera v\u00edvida tanto en su memoria como en su sensibilidad art\u00edstica.\t\t\t\t\t\t\t\t<\/div>\n\t\t\t\t<\/div>\n\t\t\t\t<div class=\"elementor-element elementor-element-4c30fcf elementor-widget elementor-widget-accordion\" data-id=\"4c30fcf\" data-element_type=\"widget\" data-widget_type=\"accordion.default\">\n\t\t\t\t<div class=\"elementor-widget-container\">\n\t\t\t\t\t\t\t<div class=\"elementor-accordion\">\n\t\t\t\t\t\t\t<div class=\"elementor-accordion-item\">\n\t\t\t\t\t<div id=\"elementor-tab-title-7981\" class=\"elementor-tab-title\" data-tab=\"1\" role=\"button\" aria-controls=\"elementor-tab-content-7981\" aria-expanded=\"false\">\n\t\t\t\t\t\t\t\t\t\t\t\t<a class=\"elementor-accordion-title\" tabindex=\"0\"><\/a>\n\t\t\t\t\t<\/div>\n\t\t\t\t\t<div id=\"elementor-tab-content-7981\" class=\"elementor-tab-content elementor-clearfix\" data-tab=\"1\" role=\"region\" aria-labelledby=\"elementor-tab-title-7981\"><\/div>\n\t\t\t\t<\/div>\n\t\t\t\t\t\t\t<div class=\"elementor-accordion-item\">\n\t\t\t\t\t<div id=\"elementor-tab-title-7982\" class=\"elementor-tab-title\" data-tab=\"2\" role=\"button\" aria-controls=\"elementor-tab-content-7982\" aria-expanded=\"false\">\n\t\t\t\t\t\t\t\t\t\t\t\t<a class=\"elementor-accordion-title\" tabindex=\"0\">Leer m\u00e1s<\/a>\n\t\t\t\t\t<\/div>\n\t\t\t\t\t<div id=\"elementor-tab-content-7982\" class=\"elementor-tab-content elementor-clearfix\" data-tab=\"2\" role=\"region\" aria-labelledby=\"elementor-tab-title-7982\"><p>En el trabajo de este grabador confluyen tres fuentes de inspiraci\u00f3n principales, su historia personal y su relaci\u00f3n con el entorno rural, su inter\u00e9s en el pasado precolombino en general y en particular el asentado en los c\u00f3dices Florentino, el Telleriano y \u00a0el \u00a0Azcatitlan, en los que se acotan de manera visual y escrita la fauna y flora caracter\u00edstica de la regi\u00f3n lacustre en M\u00e9xico, y su investigaci\u00f3n de car\u00e1cter experimental en las piezas de madera recicladas.<\/p><p>Desde un punto de vista t\u00e9cnico, las piezas pertenecientes a la serie <em>\u201cEl se\u00f1or de los canales\u201d <\/em>son el resultado del reciclaje de viejas maderas de uso industrial,\u00a0 mismas que ya presentan la impronta de la tarea ardua: Santiago las toma laceradas, quemadas, llenas de cicatrices y en sus manos deviene\u00a0\u00a0 un di\u00e1logo fino y sutil con el material; lo analiza, lo entiende, aprovecha los accidentes de su superficie y lo convierte en objeto de su imaginaci\u00f3n para acometerlo con las gubias de manera precisa y delicada.<\/p><p>No deja de asombrarnos como lejos de representar un obst\u00e1culo para la creatividad art\u00edstica la utilizaci\u00f3n de un material burdo, de desecho,\u00a0 por el contrario para este artista representa la oportunidad de resignificarlo, d\u00e1ndole un fuerte car\u00e1cter expresivo. Recordemos que la historia del arte vanguardista comenz\u00f3 a advertir la potencialidad art\u00edstica de objetos y materiales que para un arte tradicional era inimaginable vislumbrarlos como part\u00edcipes de un lenguaje art\u00edstico; de manera congruente, Santiago conoce la lecci\u00f3n de la historia, la asimila y prosigue investigando sus alcances.<\/p><p>En lo particular, me parecen muy afortunadas sus piezas de formatos circulares pertenecientes precisamente a la serie \u201cEl se\u00f1or de los canales\u201d.<\/p><p>Desde un punto de vista tem\u00e1tico la elecci\u00f3n de este animal acu\u00e1tico, emblem\u00e1tico de la zona lacustre de nuestro pa\u00eds, posee un rico significado ancestral ya que se encuentran referencias del ajolote en la mitolog\u00eda azteca como la advocaci\u00f3n acu\u00e1tica del dios X\u00f3lotl (en n\u00e1huatl: atl, \u201cagua\u201d y xolotl, \u201cmonstruo\u201d) y quien es el \u00a0hermano gemelo de Quetzalc\u00f3atl, sin embargo, Xolotl es monstruoso y es perseguido para ser objeto de sacrificio, huye en repetidas ocasiones, mismas en las que se transforma en varios seres, su \u00faltima metamorfosis es precisamente la de axolotl.<\/p><p>Animal enigm\u00e1tico de formas exc\u00e9ntricas y que inspir\u00f3 de tal suerte a Julio Cort\u00e1zar que le mereci\u00f3 un cuento dedicado a ellos, \u00a0en el que nos relata como la presencia de los ajolotes le fascinan y le generan los siguientes pensamientos:<\/p><p><em>\u00a0<\/em><em>\u201c<\/em><em>Espiaban algo, un remoto se\u00f1or\u00edo aniquilado, un tiempo de libertad en que el mundo hab\u00eda sido de los axolotl. No era posible que una expresi\u00f3n tan terrible<\/em> <em>que alcanzaba a vencer la inexpresividad forzada de sus rostros de piedra, no portara un mensaje de dolor\u2026In\u00fatilmente quer\u00eda probarme que mi propia sensibilidad proyectaba en los axolotl \u00a0una conciencia inexistente.\u201d<\/em><\/p><p>A diferencia de Cort\u00e1zar y muy por el contrario, para el grabador en cuesti\u00f3n, los ajolotes, los se\u00f1ores de los canales, le sugieren no ya seres inexpresivos de piedra mensajeros de dolor, ni le resultan su propia conciencia inexistente, lejos de ello, dentro del imaginario de Santiago son reinventados como seres \u00a0din\u00e1micos que fluyen con el l\u00edquido en el que viven, el formato circular le imprime mayor\u00a0 movimiento a sus composiciones y son el testimonio de un pasado glorioso que ante todo celebra la vida.<\/p><p>Por otro lado, los c\u00f3dices como eje de experimentaci\u00f3n, originalmente ten\u00edan como objetivo primordial dar testimonio de un mundo hasta entonces desconocido, buscaban transmitir un conocimiento, esta tarea no excluy\u00f3 el sello est\u00e9tico de quien represent\u00f3 la fauna y flora; \u00a0para nuestro artista no pasa inadvertida esa carga est\u00e9tica y bajo su mirada y sus manos la iconograf\u00eda contenida en los c\u00f3dices \u00a0se renueva y se reinventa en un juego l\u00fadico con las formas \u00a0del pasado y lo contempor\u00e1neo.<\/p><p>La obra de Santiago Ortega es una reafirmaci\u00f3n de la vida, su gr\u00e1fica nos llama a reparar en la belleza, la fuerza y la vitalidad de nuestro pasado hist\u00f3rico, natural y cultural y nos exhorta a reconciliarlo con un presente vulnerado por el absurdo de la estupidez humana.<\/p><\/div>\n\t\t\t\t<\/div>\n\t\t\t\t\t\t\t\t<\/div>\n\t\t\t\t\t\t<\/div>\n\t\t\t\t<\/div>\n\t\t\t\t\t<\/div>\n\t\t<\/div>\n\t\t\t\t\t<\/div>\n\t\t<\/section>\n\t\t\t\t<section class=\"elementor-section elementor-inner-section elementor-element elementor-element-041b9ba elementor-section-boxed elementor-section-height-default elementor-section-height-default\" data-id=\"041b9ba\" data-element_type=\"section\" data-settings=\"{&quot;background_background&quot;:&quot;classic&quot;}\">\n\t\t\t\t\t\t<div class=\"elementor-container elementor-column-gap-default\">\n\t\t\t\t\t<div class=\"elementor-column elementor-col-50 elementor-inner-column elementor-element elementor-element-13072bc\" data-id=\"13072bc\" data-element_type=\"column\" data-settings=\"{&quot;background_background&quot;:&quot;classic&quot;}\">\n\t\t\t<div class=\"elementor-widget-wrap elementor-element-populated\">\n\t\t\t\t\t\t<div class=\"elementor-element elementor-element-19583a7 elementor-widget elementor-widget-heading\" data-id=\"19583a7\" data-element_type=\"widget\" data-widget_type=\"heading.default\">\n\t\t\t\t<div class=\"elementor-widget-container\">\n\t\t\t\t\t<h2 class=\"elementor-heading-title elementor-size-default\">\u201cIncisiones en la memoria de Santiago Ortega\u201d<\/h2>\t\t\t\t<\/div>\n\t\t\t\t<\/div>\n\t\t\t\t<div class=\"elementor-element elementor-element-86fff55 elementor-widget elementor-widget-text-editor\" data-id=\"86fff55\" data-element_type=\"widget\" data-widget_type=\"text-editor.default\">\n\t\t\t\t<div class=\"elementor-widget-container\">\n\t\t\t\t\t\t\t\t\tLas vivencias de la infancia suelen permanecer tercamente. A veces somos conscientes de ellas, pero casi siempre se guardan en los estratos m\u00e1s profundos de nuestra memoria, actuando desde ah\u00ed todo el tiempo y sin que podamos controlarlas. A lo largo de los a\u00f1os, con distintas estrategias nos acercamos a esas vivencias para intentar olvidarlas o para atarnos m\u00e1s a ellas.\t\t\t\t\t\t\t\t<\/div>\n\t\t\t\t<\/div>\n\t\t\t\t<div class=\"elementor-element elementor-element-492ed3a elementor-widget elementor-widget-accordion\" data-id=\"492ed3a\" data-element_type=\"widget\" data-widget_type=\"accordion.default\">\n\t\t\t\t<div class=\"elementor-widget-container\">\n\t\t\t\t\t\t\t<div class=\"elementor-accordion\">\n\t\t\t\t\t\t\t<div class=\"elementor-accordion-item\">\n\t\t\t\t\t<div id=\"elementor-tab-title-7671\" class=\"elementor-tab-title\" data-tab=\"1\" role=\"button\" aria-controls=\"elementor-tab-content-7671\" aria-expanded=\"false\">\n\t\t\t\t\t\t\t\t\t\t\t\t<a class=\"elementor-accordion-title\" tabindex=\"0\"><\/a>\n\t\t\t\t\t<\/div>\n\t\t\t\t\t<div id=\"elementor-tab-content-7671\" class=\"elementor-tab-content elementor-clearfix\" data-tab=\"1\" role=\"region\" aria-labelledby=\"elementor-tab-title-7671\"><\/div>\n\t\t\t\t<\/div>\n\t\t\t\t\t\t\t<div class=\"elementor-accordion-item\">\n\t\t\t\t\t<div id=\"elementor-tab-title-7672\" class=\"elementor-tab-title\" data-tab=\"2\" role=\"button\" aria-controls=\"elementor-tab-content-7672\" aria-expanded=\"false\">\n\t\t\t\t\t\t\t\t\t\t\t\t<a class=\"elementor-accordion-title\" tabindex=\"0\">Leer m\u00e1s<\/a>\n\t\t\t\t\t<\/div>\n\t\t\t\t\t<div id=\"elementor-tab-content-7672\" class=\"elementor-tab-content elementor-clearfix\" data-tab=\"2\" role=\"region\" aria-labelledby=\"elementor-tab-title-7672\"><p>Mirando los grabados de Santiago Ortega, y escuch\u00e1ndolo decir que con sus im\u00e1genes \u201cva construyendo una memoria gr\u00e1fica\u201d, corroboro lo anterior. En su obra aparecen motivos zoom\u00f3rficos que provienen de dos fuentes para \u00e9l entra\u00f1ables: su pasado individual y el pasado prehisp\u00e1nico de toda una colectividad. De la primera brotan las im\u00e1genes de ajolotes, peces y ranas, as\u00ed como de ocelotes y mariposas -seres del agua, de la tierra y del aire, en los que podemos apreciar distintas etapas de la metamorfosis. Y de la segunda provienen las representaciones de esos seres vivos en libros prehisp\u00e1nicos o en piezas escult\u00f3ricas y relieves, im\u00e1genes pertenecientes a una realidad cultural que hoy parece volver a la vida. As\u00ed Santiago Ortega nos presenta im\u00e1genes en donde confluyen la memoria privada y la memoria p\u00fablica. \u00c9ste es uno de los privilegios que distinguen a los aut\u00e9nticos artistas.<\/p><p>Grabar es incidir sobre una superficie lisa, dejando ah\u00ed huellas m\u00e1s o menos permanentes. As\u00ed como el artista incide sobre la madera o sobre el lin\u00f3leo, las memorias individuales \u2013 en complejas combinaciones \u2013 constituyen una memoria colectiva que a su vez incide en la formaci\u00f3n de nuestras personalidades individuales y de nuestras instituciones sociales. Quiz\u00e1 por eso Santiago incorpora a sus im\u00e1genes la espiral: forma recurrente que baja a lo m\u00e1s profundo y sube a lo m\u00e1s elevado; forma sin principio ni fin, como nuestras memorias.<\/p><p>Santiago Ortega afirma que ya no lo acosa ning\u00fan dilema sobre si loa labor art\u00edstica \u201cdebe\u201d ser comprometida o no. Ahora asume sin problemas que su primer compromiso es con su producci\u00f3n como grabador.<br \/>Mediante esta labor ha retomado la cosmolog\u00eda prehisp\u00e1nica, traduciendo algunos motivos centrales de \u00e9sta a las estampas que nos presenta. Por ejemplo, la imagen de Tl\u00e1loc aparec\u00eda insistentemente en algunas de sus obras anteriores. Y en esta ocasi\u00f3n recrea motivos m\u00e1s universales que no se ligan a ninguna mitolog\u00eda espec\u00edfica. Pero, a pesar de estar arraigados en la experiencia estrictamente individual del grabador, esos motivos se insertan en la experiencia colectiva que compartimos todos.<\/p><p>Apreciemos en lo que vale la honestidad de este artista maduro que, adoptando una actitud infantil, da forma f\u00edsica a sus recuerdos.<\/p><\/div>\n\t\t\t\t<\/div>\n\t\t\t\t\t\t\t\t<\/div>\n\t\t\t\t\t\t<\/div>\n\t\t\t\t<\/div>\n\t\t\t\t\t<\/div>\n\t\t<\/div>\n\t\t\t\t<div class=\"elementor-column elementor-col-50 elementor-inner-column elementor-element elementor-element-3a153be\" data-id=\"3a153be\" data-element_type=\"column\">\n\t\t\t<div class=\"elementor-widget-wrap elementor-element-populated\">\n\t\t\t\t\t\t<div class=\"elementor-element elementor-element-551c6a4 elementor-widget elementor-widget-image\" data-id=\"551c6a4\" data-element_type=\"widget\" data-widget_type=\"image.default\">\n\t\t\t\t<div class=\"elementor-widget-container\">\n\t\t\t\t\t\t\t\t\t\t\t\t\t\t\t<img decoding=\"async\" width=\"450\" height=\"450\" src=\"https:\/\/santiagortega.com\/wp-content\/uploads\/2020\/10\/119135226_451548645722324_1177796899805754335_n.jpg\" class=\"attachment-large size-large wp-image-26\" alt=\"\" \/>\t\t\t\t\t\t\t\t\t\t\t\t\t\t\t<\/div>\n\t\t\t\t<\/div>\n\t\t\t\t<div class=\"elementor-element elementor-element-acac278 elementor-widget elementor-widget-heading\" data-id=\"acac278\" data-element_type=\"widget\" data-widget_type=\"heading.default\">\n\t\t\t\t<div class=\"elementor-widget-container\">\n\t\t\t\t\t<h5 class=\"elementor-heading-title elementor-size-default\">Fernando Zamora \u00c1guila\nOctubre de 2008\n<\/h5>\t\t\t\t<\/div>\n\t\t\t\t<\/div>\n\t\t\t\t\t<\/div>\n\t\t<\/div>\n\t\t\t\t\t<\/div>\n\t\t<\/section>\n\t\t\t\t<section class=\"elementor-section elementor-inner-section elementor-element elementor-element-fc5e02e elementor-section-boxed elementor-section-height-default elementor-section-height-default\" data-id=\"fc5e02e\" data-element_type=\"section\" data-settings=\"{&quot;background_background&quot;:&quot;classic&quot;}\">\n\t\t\t\t\t\t<div class=\"elementor-container elementor-column-gap-default\">\n\t\t\t\t\t<div class=\"elementor-column elementor-col-50 elementor-inner-column elementor-element elementor-element-da63527\" data-id=\"da63527\" data-element_type=\"column\">\n\t\t\t<div class=\"elementor-widget-wrap elementor-element-populated\">\n\t\t\t\t\t\t<div class=\"elementor-element elementor-element-bcf93b3 elementor-widget elementor-widget-image\" data-id=\"bcf93b3\" data-element_type=\"widget\" data-widget_type=\"image.default\">\n\t\t\t\t<div class=\"elementor-widget-container\">\n\t\t\t\t\t\t\t\t\t\t\t\t\t\t\t<img decoding=\"async\" width=\"450\" height=\"450\" src=\"https:\/\/santiagortega.com\/wp-content\/uploads\/2020\/10\/119135226_451548645722324_1177796899805754335_n.jpg\" class=\"attachment-large size-large wp-image-26\" alt=\"\" \/>\t\t\t\t\t\t\t\t\t\t\t\t\t\t\t<\/div>\n\t\t\t\t<\/div>\n\t\t\t\t<div class=\"elementor-element elementor-element-e1af610 elementor-widget elementor-widget-heading\" data-id=\"e1af610\" data-element_type=\"widget\" data-widget_type=\"heading.default\">\n\t\t\t\t<div class=\"elementor-widget-container\">\n\t\t\t\t\t<h4 class=\"elementor-heading-title elementor-size-default\">J. Jes\u00fas Mart\u00ednez\n2007\n<\/h4>\t\t\t\t<\/div>\n\t\t\t\t<\/div>\n\t\t\t\t\t<\/div>\n\t\t<\/div>\n\t\t\t\t<div class=\"elementor-column elementor-col-50 elementor-inner-column elementor-element elementor-element-df31b10\" data-id=\"df31b10\" data-element_type=\"column\" data-settings=\"{&quot;background_background&quot;:&quot;classic&quot;}\">\n\t\t\t<div class=\"elementor-widget-wrap elementor-element-populated\">\n\t\t\t\t\t\t<div class=\"elementor-element elementor-element-3d81a2e elementor-widget elementor-widget-heading\" data-id=\"3d81a2e\" data-element_type=\"widget\" data-widget_type=\"heading.default\">\n\t\t\t\t<div class=\"elementor-widget-container\">\n\t\t\t\t\t<h2 class=\"elementor-heading-title elementor-size-default\">\u201cBrechas de luz\u201d<\/h2>\t\t\t\t<\/div>\n\t\t\t\t<\/div>\n\t\t\t\t<div class=\"elementor-element elementor-element-0acac14 elementor-widget elementor-widget-text-editor\" data-id=\"0acac14\" data-element_type=\"widget\" data-widget_type=\"text-editor.default\">\n\t\t\t\t<div class=\"elementor-widget-container\">\n\t\t\t\t\t\t\t\t\tSobre la mesa, navajas, gubias y un trozo de triplay de buena madera. Con el \u00e1nimo dispuesto el Maestro grabador Santiago Ortega Hern\u00e1ndez se prepara para ejercer su cotidiano oficio. Con emoci\u00f3n de iniciar una nueva imagen en una superficie natural de cedro rojo, caoba o ayacahuite, va a incidir dejando su huella.\nAbrir\u00e1 caminos, surcos, brechas de luz sobre las atm\u00f3sferas creadas, y entre sombras aparecer\u00e1n formas animales, vegetales, minerales, de los infinitos reinos de la santa naturaleza. Con gran paciencia construir\u00e1 dejando oscuridades, agregando claridades, afinando los trazos. <br>\nSilencio\u2026\t\t\t\t\t\t\t\t<\/div>\n\t\t\t\t<\/div>\n\t\t\t\t<div class=\"elementor-element elementor-element-27a9622 elementor-widget elementor-widget-accordion\" data-id=\"27a9622\" data-element_type=\"widget\" data-widget_type=\"accordion.default\">\n\t\t\t\t<div class=\"elementor-widget-container\">\n\t\t\t\t\t\t\t<div class=\"elementor-accordion\">\n\t\t\t\t\t\t\t<div class=\"elementor-accordion-item\">\n\t\t\t\t\t<div id=\"elementor-tab-title-4151\" class=\"elementor-tab-title\" data-tab=\"1\" role=\"button\" aria-controls=\"elementor-tab-content-4151\" aria-expanded=\"false\">\n\t\t\t\t\t\t\t\t\t\t\t\t<a class=\"elementor-accordion-title\" tabindex=\"0\"><\/a>\n\t\t\t\t\t<\/div>\n\t\t\t\t\t<div id=\"elementor-tab-content-4151\" class=\"elementor-tab-content elementor-clearfix\" data-tab=\"1\" role=\"region\" aria-labelledby=\"elementor-tab-title-4151\"><\/div>\n\t\t\t\t<\/div>\n\t\t\t\t\t\t\t<div class=\"elementor-accordion-item\">\n\t\t\t\t\t<div id=\"elementor-tab-title-4152\" class=\"elementor-tab-title\" data-tab=\"2\" role=\"button\" aria-controls=\"elementor-tab-content-4152\" aria-expanded=\"false\">\n\t\t\t\t\t\t\t\t\t\t\t\t<a class=\"elementor-accordion-title\" tabindex=\"0\">Leer m\u00e1s<\/a>\n\t\t\t\t\t<\/div>\n\t\t\t\t\t<div id=\"elementor-tab-content-4152\" class=\"elementor-tab-content elementor-clearfix\" data-tab=\"2\" role=\"region\" aria-labelledby=\"elementor-tab-title-4152\"><p>El grabador est\u00e1 inmerso en su universo, est\u00e1 encontrando la realidad que existe en la profundidad de uno mismo. Mientras sus herramientas danzan sobre la superficie vegetal, en el espacio que semeja un oc\u00e9ano embravecido, se impone labrar y copiar esas olas, pasando un rodillo entintado sobre ellas.<br \/>Hay momentos en que el tiempo parece que no cuenta. Finalmente, la pieza est\u00e1 terminada, hay que imprimirla en hermoso papel de algod\u00f3n hecho a mano.<br \/>As\u00ed llega a su fin la faena.<br \/>V\u00e1monos en paz, ma\u00f1ana ser\u00e1 otro d\u00eda.<\/p><\/div>\n\t\t\t\t<\/div>\n\t\t\t\t\t\t\t\t<\/div>\n\t\t\t\t\t\t<\/div>\n\t\t\t\t<\/div>\n\t\t\t\t\t<\/div>\n\t\t<\/div>\n\t\t\t\t\t<\/div>\n\t\t<\/section>\n\t\t\t\t\t<\/div>\n\t\t<\/div>\n\t\t\t\t\t<\/div>\n\t\t<\/section>\n\t\t\t\t<section class=\"elementor-section elementor-top-section elementor-element elementor-element-9860f0d elementor-section-boxed elementor-section-height-default elementor-section-height-default\" data-id=\"9860f0d\" data-element_type=\"section\" id=\"presencia\" data-settings=\"{&quot;background_background&quot;:&quot;classic&quot;}\">\n\t\t\t\t\t\t<div class=\"elementor-container elementor-column-gap-default\">\n\t\t\t\t\t<div class=\"elementor-column elementor-col-100 elementor-top-column elementor-element elementor-element-df59940\" data-id=\"df59940\" data-element_type=\"column\">\n\t\t\t<div class=\"elementor-widget-wrap elementor-element-populated\">\n\t\t\t\t\t\t<div class=\"elementor-element elementor-element-0171c40 elementor-widget elementor-widget-heading\" data-id=\"0171c40\" data-element_type=\"widget\" data-widget_type=\"heading.default\">\n\t\t\t\t<div class=\"elementor-widget-container\">\n\t\t\t\t\t<h2 class=\"elementor-heading-title elementor-size-default\">Presencia en medios<\/h2>\t\t\t\t<\/div>\n\t\t\t\t<\/div>\n\t\t\t\t<section class=\"elementor-section elementor-inner-section elementor-element elementor-element-a633d3a elementor-section-boxed elementor-section-height-default elementor-section-height-default\" data-id=\"a633d3a\" data-element_type=\"section\">\n\t\t\t\t\t\t<div class=\"elementor-container elementor-column-gap-default\">\n\t\t\t\t\t<div class=\"elementor-column elementor-col-33 elementor-inner-column elementor-element elementor-element-56158c5\" data-id=\"56158c5\" data-element_type=\"column\">\n\t\t\t<div class=\"elementor-widget-wrap elementor-element-populated\">\n\t\t\t\t\t\t<div class=\"elementor-element elementor-element-a3e5b27 elementor-widget elementor-widget-video\" data-id=\"a3e5b27\" data-element_type=\"widget\" data-settings=\"{&quot;youtube_url&quot;:&quot;https:\\\/\\\/www.youtube.com\\\/embed\\\/MHZFXT4iruo&quot;,&quot;start&quot;:72,&quot;video_type&quot;:&quot;youtube&quot;,&quot;controls&quot;:&quot;yes&quot;}\" data-widget_type=\"video.default\">\n\t\t\t\t<div class=\"elementor-widget-container\">\n\t\t\t\t\t\t\t<div class=\"elementor-wrapper elementor-open-inline\">\n\t\t\t<div class=\"elementor-video\"><\/div>\t\t<\/div>\n\t\t\t\t\t\t<\/div>\n\t\t\t\t<\/div>\n\t\t\t\t<div class=\"elementor-element elementor-element-58bcd2b elementor-widget elementor-widget-text-editor\" data-id=\"58bcd2b\" data-element_type=\"widget\" data-widget_type=\"text-editor.default\">\n\t\t\t\t<div class=\"elementor-widget-container\">\n\t\t\t\t\t\t\t\t\tJueves 7 de mayo de 2015.<br>\n<strong>Programa:<\/strong> El Arte de Juzgar.<br>\nAmena pl\u00e1tica entre el Magistrado Juan Manuel S\u00e1nchez Mac\u00edas Sala Regional Xalapa y Santiago Ortega Hern\u00e1ndez, pintor.\t\t\t\t\t\t\t\t<\/div>\n\t\t\t\t<\/div>\n\t\t\t\t\t<\/div>\n\t\t<\/div>\n\t\t\t\t<div class=\"elementor-column elementor-col-33 elementor-inner-column elementor-element elementor-element-e4477e8\" data-id=\"e4477e8\" data-element_type=\"column\">\n\t\t\t<div class=\"elementor-widget-wrap elementor-element-populated\">\n\t\t\t\t\t\t<div class=\"elementor-element elementor-element-3c0424e elementor-widget elementor-widget-facebook-embed\" data-id=\"3c0424e\" data-element_type=\"widget\" data-widget_type=\"facebook-embed.default\">\n\t\t\t\t<div class=\"elementor-widget-container\">\n\t\t\t\t\t<div style=\"min-height: 1px\" class=\"elementor-facebook-widget fb-video\" data-href=\"https:\/\/www.facebook.com\/huachinangotaller\/videos\/2740211522874409\/\" data-show-text=\"true\" data-allowfullscreen=\"true\" data-autoplay=\"false\" data-show-captions=\"false\"><\/div>\t\t\t\t<\/div>\n\t\t\t\t<\/div>\n\t\t\t\t\t<\/div>\n\t\t<\/div>\n\t\t\t\t<div class=\"elementor-column elementor-col-33 elementor-inner-column elementor-element elementor-element-7e81951\" data-id=\"7e81951\" data-element_type=\"column\">\n\t\t\t<div class=\"elementor-widget-wrap elementor-element-populated\">\n\t\t\t\t\t\t<div class=\"elementor-element elementor-element-640d955 elementor-widget elementor-widget-image\" data-id=\"640d955\" data-element_type=\"widget\" data-widget_type=\"image.default\">\n\t\t\t\t<div class=\"elementor-widget-container\">\n\t\t\t\t\t\t\t\t\t\t\t\t\t\t\t\t<a href=\"https:\/\/www.facebook.com\/huachinangotaller\/videos\/2702933956629594\/\" target=\"_blank\">\n\t\t\t\t\t\t\t<img loading=\"lazy\" decoding=\"async\" width=\"1420\" height=\"806\" src=\"https:\/\/santiagortega.com\/wp-content\/uploads\/2021\/02\/video3.jpg\" class=\"attachment-full size-full wp-image-108\" alt=\"\" srcset=\"https:\/\/santiagortega.com\/wp-content\/uploads\/2021\/02\/video3.jpg 1420w, https:\/\/santiagortega.com\/wp-content\/uploads\/2021\/02\/video3-300x170.jpg 300w, https:\/\/santiagortega.com\/wp-content\/uploads\/2021\/02\/video3-1024x581.jpg 1024w, https:\/\/santiagortega.com\/wp-content\/uploads\/2021\/02\/video3-768x436.jpg 768w\" sizes=\"(max-width: 1420px) 100vw, 1420px\" \/>\t\t\t\t\t\t\t\t<\/a>\n\t\t\t\t\t\t\t\t\t\t\t\t\t\t\t<\/div>\n\t\t\t\t<\/div>\n\t\t\t\t<div class=\"elementor-element elementor-element-b00d8b0 elementor-widget elementor-widget-text-editor\" data-id=\"b00d8b0\" data-element_type=\"widget\" data-widget_type=\"text-editor.default\">\n\t\t\t\t<div class=\"elementor-widget-container\">\n\t\t\t\t\t\t\t\t\t<strong>Objetivo:<\/strong> Conversar y analizar con expertos el panorama general de la econom\u00eda de las artes en M\u00e9xico, as\u00ed como estrategias de emprendimiento e integraci\u00f3n de artistas en introducci\u00f3n\t\t\t\t\t\t\t\t<\/div>\n\t\t\t\t<\/div>\n\t\t\t\t\t<\/div>\n\t\t<\/div>\n\t\t\t\t\t<\/div>\n\t\t<\/section>\n\t\t\t\t<section class=\"elementor-section elementor-inner-section elementor-element elementor-element-21333dd elementor-section-boxed elementor-section-height-default elementor-section-height-default\" data-id=\"21333dd\" data-element_type=\"section\">\n\t\t\t\t\t\t<div class=\"elementor-container elementor-column-gap-default\">\n\t\t\t\t\t<div class=\"elementor-column elementor-col-33 elementor-inner-column elementor-element elementor-element-decea89\" data-id=\"decea89\" data-element_type=\"column\">\n\t\t\t<div class=\"elementor-widget-wrap\">\n\t\t\t\t\t\t\t<\/div>\n\t\t<\/div>\n\t\t\t\t<div class=\"elementor-column elementor-col-33 elementor-inner-column elementor-element elementor-element-b06b6ee\" data-id=\"b06b6ee\" data-element_type=\"column\">\n\t\t\t<div class=\"elementor-widget-wrap elementor-element-populated\">\n\t\t\t\t\t\t<div class=\"elementor-element elementor-element-bb3d3ca elementor-widget elementor-widget-facebook-embed\" data-id=\"bb3d3ca\" data-element_type=\"widget\" data-widget_type=\"facebook-embed.default\">\n\t\t\t\t<div class=\"elementor-widget-container\">\n\t\t\t\t\t<div style=\"min-height: 1px\" class=\"elementor-facebook-widget fb-video\" data-href=\"https:\/\/www.facebook.com\/100004023638452\/videos\/629464302994343\/\" data-show-text=\"true\" data-allowfullscreen=\"true\" data-autoplay=\"false\" data-show-captions=\"false\"><\/div>\t\t\t\t<\/div>\n\t\t\t\t<\/div>\n\t\t\t\t\t<\/div>\n\t\t<\/div>\n\t\t\t\t<div class=\"elementor-column elementor-col-33 elementor-inner-column elementor-element elementor-element-c5029a1\" data-id=\"c5029a1\" data-element_type=\"column\">\n\t\t\t<div class=\"elementor-widget-wrap\">\n\t\t\t\t\t\t\t<\/div>\n\t\t<\/div>\n\t\t\t\t\t<\/div>\n\t\t<\/section>\n\t\t\t\t\t<\/div>\n\t\t<\/div>\n\t\t\t\t\t<\/div>\n\t\t<\/section>\n\t\t\t\t<section class=\"elementor-section elementor-top-section elementor-element elementor-element-da64d23 elementor-section-boxed elementor-section-height-default elementor-section-height-default\" data-id=\"da64d23\" data-element_type=\"section\" id=\"contacto\" data-settings=\"{&quot;background_background&quot;:&quot;classic&quot;}\">\n\t\t\t\t\t\t<div class=\"elementor-container elementor-column-gap-default\">\n\t\t\t\t\t<div class=\"elementor-column elementor-col-100 elementor-top-column elementor-element elementor-element-05eb23c\" data-id=\"05eb23c\" data-element_type=\"column\">\n\t\t\t<div class=\"elementor-widget-wrap elementor-element-populated\">\n\t\t\t\t\t\t<div class=\"elementor-element elementor-element-a44eb8f elementor-widget elementor-widget-heading\" data-id=\"a44eb8f\" data-element_type=\"widget\" data-widget_type=\"heading.default\">\n\t\t\t\t<div class=\"elementor-widget-container\">\n\t\t\t\t\t<h2 class=\"elementor-heading-title elementor-size-default\">Contacto<\/h2>\t\t\t\t<\/div>\n\t\t\t\t<\/div>\n\t\t\t\t<section class=\"elementor-section elementor-inner-section elementor-element elementor-element-396a3d3 elementor-section-boxed elementor-section-height-default elementor-section-height-default\" data-id=\"396a3d3\" data-element_type=\"section\">\n\t\t\t\t\t\t<div class=\"elementor-container elementor-column-gap-default\">\n\t\t\t\t\t<div class=\"elementor-column elementor-col-100 elementor-inner-column elementor-element elementor-element-5626631\" data-id=\"5626631\" data-element_type=\"column\">\n\t\t\t<div class=\"elementor-widget-wrap elementor-element-populated\">\n\t\t\t\t\t\t<div class=\"elementor-element elementor-element-f5be778 elementor-shape-circle elementor-grid-0 e-grid-align-center elementor-widget elementor-widget-social-icons\" data-id=\"f5be778\" data-element_type=\"widget\" data-widget_type=\"social-icons.default\">\n\t\t\t\t<div class=\"elementor-widget-container\">\n\t\t\t\t\t\t\t<div class=\"elementor-social-icons-wrapper elementor-grid\">\n\t\t\t\t\t\t\t<span class=\"elementor-grid-item\">\n\t\t\t\t\t<a class=\"elementor-icon elementor-social-icon elementor-social-icon-facebook elementor-repeater-item-01ed70e\" href=\"https:\/\/www.facebook.com\/santiago.ortegahernandez.7\" target=\"_blank\">\n\t\t\t\t\t\t<span class=\"elementor-screen-only\">Facebook<\/span>\n\t\t\t\t\t\t<i class=\"fab fa-facebook\"><\/i>\t\t\t\t\t<\/a>\n\t\t\t\t<\/span>\n\t\t\t\t\t\t\t<span class=\"elementor-grid-item\">\n\t\t\t\t\t<a class=\"elementor-icon elementor-social-icon elementor-social-icon-instagram elementor-repeater-item-82653a6\" href=\"https:\/\/www.instagram.com\/santiagortega1962\/\" target=\"_blank\">\n\t\t\t\t\t\t<span class=\"elementor-screen-only\">Instagram<\/span>\n\t\t\t\t\t\t<i class=\"fab fa-instagram\"><\/i>\t\t\t\t\t<\/a>\n\t\t\t\t<\/span>\n\t\t\t\t\t\t\t<span class=\"elementor-grid-item\">\n\t\t\t\t\t<a class=\"elementor-icon elementor-social-icon elementor-social-icon-envelope elementor-repeater-item-310d7f6\" href=\"mailto:contacto@santiagortega.com\" target=\"_blank\">\n\t\t\t\t\t\t<span class=\"elementor-screen-only\">Envelope<\/span>\n\t\t\t\t\t\t<i class=\"fas fa-envelope\"><\/i>\t\t\t\t\t<\/a>\n\t\t\t\t<\/span>\n\t\t\t\t\t<\/div>\n\t\t\t\t\t\t<\/div>\n\t\t\t\t<\/div>\n\t\t\t\t\t<\/div>\n\t\t<\/div>\n\t\t\t\t\t<\/div>\n\t\t<\/section>\n\t\t\t\t\t<\/div>\n\t\t<\/div>\n\t\t\t\t\t<\/div>\n\t\t<\/section>\n\t\t\t\t<\/div>\n\t\t","protected":false},"excerpt":{"rendered":"<p>SantiagoOrtega Artista&nbsp;visual Fotograf\u00eda: Mtro. Jorge Arzate Trayectoria Formaci\u00f3n profesional Exposiciones Museos Formaci\u00f3n profesional Santiago Ortega Hern\u00e1ndez Ciudad de M\u00e9xico, 1962. Licenciado y Maestro en Artes Visuales por la UNAM, donde obtuvo Menci\u00f3n Honor\u00edfica en su examen de grado. Ha impartido 23 cursos y talleres, as\u00ed como 17 conferencias y ponencias en diferentes instituciones sobre temas [&hellip;]<\/p>\n","protected":false},"author":1,"featured_media":0,"parent":0,"menu_order":0,"comment_status":"closed","ping_status":"closed","template":"elementor_header_footer","meta":{"site-sidebar-layout":"no-sidebar","site-content-layout":"page-builder","ast-site-content-layout":"","site-content-style":"default","site-sidebar-style":"default","ast-global-header-display":"","ast-banner-title-visibility":"","ast-main-header-display":"","ast-hfb-above-header-display":"","ast-hfb-below-header-display":"","ast-hfb-mobile-header-display":"","site-post-title":"disabled","ast-breadcrumbs-content":"","ast-featured-img":"disabled","footer-sml-layout":"","theme-transparent-header-meta":"default","adv-header-id-meta":"","stick-header-meta":"","header-above-stick-meta":"","header-main-stick-meta":"","header-below-stick-meta":"","astra-migrate-meta-layouts":"default","ast-page-background-enabled":"default","ast-page-background-meta":{"desktop":{"background-color":"var(--ast-global-color-4)","background-image":"","background-repeat":"repeat","background-position":"center center","background-size":"auto","background-attachment":"scroll","background-type":"","background-media":"","overlay-type":"","overlay-color":"","overlay-opacity":"","overlay-gradient":""},"tablet":{"background-color":"","background-image":"","background-repeat":"repeat","background-position":"center center","background-size":"auto","background-attachment":"scroll","background-type":"","background-media":"","overlay-type":"","overlay-color":"","overlay-opacity":"","overlay-gradient":""},"mobile":{"background-color":"","background-image":"","background-repeat":"repeat","background-position":"center center","background-size":"auto","background-attachment":"scroll","background-type":"","background-media":"","overlay-type":"","overlay-color":"","overlay-opacity":"","overlay-gradient":""}},"ast-content-background-meta":{"desktop":{"background-color":"var(--ast-global-color-5)","background-image":"","background-repeat":"repeat","background-position":"center center","background-size":"auto","background-attachment":"scroll","background-type":"","background-media":"","overlay-type":"","overlay-color":"","overlay-opacity":"","overlay-gradient":""},"tablet":{"background-color":"var(--ast-global-color-5)","background-image":"","background-repeat":"repeat","background-position":"center center","background-size":"auto","background-attachment":"scroll","background-type":"","background-media":"","overlay-type":"","overlay-color":"","overlay-opacity":"","overlay-gradient":""},"mobile":{"background-color":"var(--ast-global-color-5)","background-image":"","background-repeat":"repeat","background-position":"center center","background-size":"auto","background-attachment":"scroll","background-type":"","background-media":"","overlay-type":"","overlay-color":"","overlay-opacity":"","overlay-gradient":""}},"footnotes":""},"class_list":["post-8","page","type-page","status-publish","hentry"],"_links":{"self":[{"href":"https:\/\/santiagortega.com\/index.php\/wp-json\/wp\/v2\/pages\/8","targetHints":{"allow":["GET"]}}],"collection":[{"href":"https:\/\/santiagortega.com\/index.php\/wp-json\/wp\/v2\/pages"}],"about":[{"href":"https:\/\/santiagortega.com\/index.php\/wp-json\/wp\/v2\/types\/page"}],"author":[{"embeddable":true,"href":"https:\/\/santiagortega.com\/index.php\/wp-json\/wp\/v2\/users\/1"}],"replies":[{"embeddable":true,"href":"https:\/\/santiagortega.com\/index.php\/wp-json\/wp\/v2\/comments?post=8"}],"version-history":[{"count":162,"href":"https:\/\/santiagortega.com\/index.php\/wp-json\/wp\/v2\/pages\/8\/revisions"}],"predecessor-version":[{"id":263,"href":"https:\/\/santiagortega.com\/index.php\/wp-json\/wp\/v2\/pages\/8\/revisions\/263"}],"wp:attachment":[{"href":"https:\/\/santiagortega.com\/index.php\/wp-json\/wp\/v2\/media?parent=8"}],"curies":[{"name":"wp","href":"https:\/\/api.w.org\/{rel}","templated":true}]}}